{"id":698,"date":"2024-11-28T08:38:24","date_gmt":"2024-11-28T08:38:24","guid":{"rendered":"https:\/\/campusvygon.com\/vyhemdays\/vyhemdays-jornada-acreditada-en-monitorizacion-hemodinamica\/"},"modified":"2025-02-17T10:18:19","modified_gmt":"2025-02-17T10:18:19","slug":"vyhemdays-jornada-acreditada-en-monitorizacion-hemodinamica","status":"publish","type":"page","link":"https:\/\/campusvygon.com\/vyhemdays\/vyhemdays-jornada-acreditada-en-monitorizacion-hemodinamica\/?lang=fr","title":{"rendered":"vyhemdays \u2013 Conf\u00e9rence internationale sur le monitorage h\u00e9modynamique"},"content":{"rendered":"<p>[et_pb_section fb_built=\u00bb1&#8243; disabled_on=\u00bboff|off|off\u00bb admin_label=\u00bbSection\u00bb module_id=\u00bbinicio\u00bb _builder_version=\u00bb4.27.0&#8243; _module_preset=\u00bbdefault\u00bb background_image=\u00bbhttps:\/\/campusvygon.com\/vyhemdays\/wp-content\/uploads\/sites\/8\/2024\/09\/monitorizacion-1920.jpg\u00bb custom_padding=\u00bb150px||218px||false|false\u00bb da_popup_slug=\u00bbinicio\u00bb da_disable_devices=\u00bboff|off|off\u00bb global_colors_info=\u00bb{%22gcid-2d45c7f1-05fc-4f3c-8b35-fe69709a6a62%22:%91%22background_mask_color%22%93}\u00bb da_is_popup=\u00bboff\u00bb da_exit_intent=\u00bboff\u00bb da_has_close=\u00bbon\u00bb da_alt_close=\u00bboff\u00bb da_dark_close=\u00bboff\u00bb da_not_modal=\u00bbon\u00bb da_is_singular=\u00bboff\u00bb da_with_loader=\u00bboff\u00bb da_has_shadow=\u00bbon\u00bb][et_pb_row _builder_version=\u00bb4.25.1&#8243; _module_preset=\u00bbdefault\u00bb width=\u00bb65%\u00bb width_tablet=\u00bb90%\u00bb width_phone=\u00bb90%\u00bb width_last_edited=\u00bbon|phone\u00bb max_width=\u00bb90%\u00bb max_width_tablet=\u00bb90%\u00bb max_width_phone=\u00bb90%\u00bb max_width_last_edited=\u00bbon|tablet\u00bb locked=\u00bboff\u00bb global_colors_info=\u00bb{}\u00bb][et_pb_column type=\u00bb4_4&#8243; _builder_version=\u00bb4.25.0&#8243; _module_preset=\u00bbdefault\u00bb background_color=\u00bbrgba(255,255,255,0.9)\u00bb border_radii=\u00bbon|25px|25px|25px|25px\u00bb border_color_all=\u00bbgcid-5c0ffe69-7172-4b18-84d5-8ca2b15ef07e\u00bb global_colors_info=\u00bb{%22gcid-5c0ffe69-7172-4b18-84d5-8ca2b15ef07e%22:%91%22border_color_all%22%93}\u00bb][et_pb_text _builder_version=\u00bb4.27.0&#8243; _module_preset=\u00bbdefault\u00bb header_font=\u00bbMontserrat||||||||\u00bb header_text_color=\u00bbgcid-5c0ffe69-7172-4b18-84d5-8ca2b15ef07e\u00bb header_2_font=\u00bb&#8211;et_global_heading_font|800|||||||\u00bb header_2_text_align=\u00bbcenter\u00bb header_2_text_color=\u00bbgcid-d6f6cc4c-89fb-4b08-a382-c7d2f5838e03&#8243; header_2_font_size=\u00bb85px\u00bb header_2_letter_spacing=\u00bb6px\u00bb header_2_line_height=\u00bb1.7em\u00bb custom_margin=\u00bb||-44px||false|false\u00bb custom_margin_tablet=\u00bb||-5px||false|false\u00bb custom_margin_phone=\u00bb29px||-5px||false|false\u00bb custom_margin_last_edited=\u00bbon|phone\u00bb custom_padding=\u00bb60px||0px||false|false\u00bb header_2_font_size_tablet=\u00bb70px\u00bb header_2_font_size_phone=\u00bb40px\u00bb header_2_font_size_last_edited=\u00bbon|tablet\u00bb header_2_letter_spacing_tablet=\u00bb5px\u00bb header_2_letter_spacing_phone=\u00bb0px\u00bb header_2_letter_spacing_last_edited=\u00bbon|phone\u00bb header_2_line_height_tablet=\u00bb1.7em\u00bb header_2_line_height_phone=\u00bb1.7em\u00bb header_2_line_height_last_edited=\u00bbon|phone\u00bb global_colors_info=\u00bb{%22gcid-d6f6cc4c-89fb-4b08-a382-c7d2f5838e03%22:%91%22header_2_text_color%22%93,%22gcid-5c0ffe69-7172-4b18-84d5-8ca2b15ef07e%22:%91%22header_text_color%22%93}\u00bb]<\/p>\n<h2><span style=\"color: #004431\">VYHEM<\/span>DAYS25<\/h2>\n<p>&nbsp;<\/p>\n<p>[\/et_pb_text][et_pb_text _builder_version=\u00bb4.27.4&#8243; _module_preset=\u00bbdefault\u00bb header_font=\u00bb|||on|||||\u00bb header_text_align=\u00bbcenter\u00bb header_text_color=\u00bbgcid-d6f6cc4c-89fb-4b08-a382-c7d2f5838e03&#8243; header_font_size=\u00bb20px\u00bb header_letter_spacing=\u00bb1px\u00bb custom_padding_tablet=\u00bb\u00bb custom_padding_phone=\u00bb|15px||15px|false|true\u00bb custom_padding_last_edited=\u00bbon|tablet\u00bb header_font_size_tablet=\u00bb20px\u00bb header_font_size_phone=\u00bb14px\u00bb header_font_size_last_edited=\u00bbon|phone\u00bb header_letter_spacing_tablet=\u00bb1px\u00bb header_letter_spacing_phone=\u00bb0px\u00bb header_letter_spacing_last_edited=\u00bbon|phone\u00bb header_line_height_tablet=\u00bb1.4em\u00bb header_line_height_phone=\u00bb1.4em\u00bb header_line_height_last_edited=\u00bbon|phone\u00bb global_colors_info=\u00bb{%22gcid-d6f6cc4c-89fb-4b08-a382-c7d2f5838e03%22:%91%22header_text_color%22%93}\u00bb]<\/p>\n<h1>vygon <span style=\"color: #004133\">hemodynamic<\/span> days 2025<\/h1>\n<p>[\/et_pb_text][et_pb_text _builder_version=\u00bb4.27.4&#8243; _module_preset=\u00bbdefault\u00bb text_font=\u00bb|300|||||||\u00bb text_text_color=\u00bb#FFFFFF\u00bb header_2_font=\u00bb|&#8211;et_global_body_font_weight|||||||\u00bb header_2_text_color=\u00bbgcid-d6f6cc4c-89fb-4b08-a382-c7d2f5838e03&#8243; header_2_font_size=\u00bb25px\u00bb header_2_line_height=\u00bb1.7em\u00bb text_orientation=\u00bbcenter\u00bb custom_margin=\u00bb||25px|||\u00bb custom_padding=\u00bb31px||||false|false\u00bb custom_padding_tablet=\u00bb|25px||25px|false|true\u00bb custom_padding_phone=\u00bb|25px||25px|false|true\u00bb custom_padding_last_edited=\u00bbon|tablet\u00bb header_2_font_size_tablet=\u00bb20px\u00bb header_2_font_size_phone=\u00bb16px\u00bb header_2_font_size_last_edited=\u00bbon|phone\u00bb header_2_line_height_tablet=\u00bb1.4em\u00bb header_2_line_height_phone=\u00bb1.5em\u00bb header_2_line_height_last_edited=\u00bbon|phone\u00bb global_colors_info=\u00bb{%22gcid-d6f6cc4c-89fb-4b08-a382-c7d2f5838e03%22:%91%22header_2_text_color%22%93}\u00bb]<\/p>\n<h2>Conf\u00e9rence internationale sur le monitorage h\u00e9modynamique<\/h2>\n<p>[\/et_pb_text][et_pb_blurb title=\u00bb3 et 4 avril 2025&#8243; use_icon=\u00bbon\u00bb font_icon=\u00bb&#xe023;||divi||400&#8243; icon_color=\u00bbgcid-body-color\u00bb image_icon_background_color=\u00bbRGBA(255,255,255,0)\u00bb icon_placement=\u00bbleft\u00bb image_icon_width=\u00bb24px\u00bb disabled_on=\u00bboff|off|off\u00bb _builder_version=\u00bb4.27.4&#8243; _module_preset=\u00bbdefault\u00bb header_level=\u00bbh2&#8243; header_font=\u00bb|300|||||||\u00bb header_text_align=\u00bbleft\u00bb header_text_color=\u00bbgcid-body-color\u00bb header_font_size=\u00bb18px\u00bb header_line_height=\u00bb1.4em\u00bb image_icon_custom_padding=\u00bb|||200px|false|false\u00bb width_phone=\u00bb69%\u00bb width_last_edited=\u00bboff|desktop\u00bb max_width_tablet=\u00bb\u00bb max_width_phone=\u00bb\u00bb max_width_last_edited=\u00bbon|desktop\u00bb module_alignment=\u00bbcenter\u00bb custom_margin=\u00bb||31px||false|false\u00bb custom_padding_tablet=\u00bb|200px||200px|false|true\u00bb custom_padding_phone=\u00bb|35px||35px|false|true\u00bb custom_padding_last_edited=\u00bbon|desktop\u00bb animation=\u00bboff\u00bb locked=\u00bboff\u00bb global_colors_info=\u00bb{%22gcid-body-color%22:%91%22header_text_color%22,%22icon_color%22%93}\u00bb][\/et_pb_blurb][et_pb_button button_url=\u00bb#registro\u00bb button_text=\u00bbInscrivez-vous\u00bb _builder_version=\u00bb4.27.4&#8243; _module_preset=\u00bb4c1d9543-3239-4a36-97bf-4d691be0fcf8&#8243; custom_padding_tablet=\u00bb\u00bb custom_padding_phone=\u00bb10px||10px||true|true\u00bb custom_padding_last_edited=\u00bbon|phone\u00bb button_text_size_tablet=\u00bb\u00bb button_text_size_phone=\u00bb16px\u00bb button_text_size_last_edited=\u00bbon|phone\u00bb global_colors_info=\u00bb{}\u00bb][\/et_pb_button][\/et_pb_column][\/et_pb_row][\/et_pb_section][et_pb_section fb_built=\u00bb1&#8243; custom_padding_last_edited=\u00bbon|tablet\u00bb disabled_on=\u00bboff|off|off\u00bb admin_label=\u00bbSection\u00bb _builder_version=\u00bb4.27.0&#8243; _module_preset=\u00bbdefault\u00bb background_enable_image=\u00bboff\u00bb background_size=\u00bbinitial\u00bb background_position=\u00bbtop_right\u00bb background_horizontal_offset=\u00bb-19%\u00bb background_vertical_offset=\u00bb-100%\u00bb background_blend=\u00bbluminosity\u00bb custom_padding=\u00bb150px||56px||false|\u00bb custom_padding_tablet=\u00bb50px||50px||true|false\u00bb custom_padding_phone=\u00bb50px||50px||true|false\u00bb da_disable_devices=\u00bboff|off|off\u00bb global_colors_info=\u00bb{}\u00bb da_is_popup=\u00bboff\u00bb da_exit_intent=\u00bboff\u00bb da_has_close=\u00bbon\u00bb da_alt_close=\u00bboff\u00bb da_dark_close=\u00bboff\u00bb da_not_modal=\u00bbon\u00bb da_is_singular=\u00bboff\u00bb da_with_loader=\u00bboff\u00bb da_has_shadow=\u00bbon\u00bb][et_pb_row _builder_version=\u00bb4.27.0&#8243; _module_preset=\u00bbdefault\u00bb max_width=\u00bb100%\u00bb global_colors_info=\u00bb{}\u00bb][et_pb_column type=\u00bb4_4&#8243; _builder_version=\u00bb4.21.0&#8243; _module_preset=\u00bbdefault\u00bb global_colors_info=\u00bb{}\u00bb][et_pb_text _builder_version=\u00bb4.25.1&#8243; _module_preset=\u00bbdefault\u00bb text_font=\u00bb|&#8211;et_global_body_font_weight|||||||\u00bb header_2_font=\u00bb|&#8211;et_global_body_font_weight|||||||\u00bb header_2_font_size=\u00bb45px\u00bb header_2_line_height=\u00bb1.3em\u00bb header_4_font=\u00bb|&#8211;et_global_heading_font_weight|||||||\u00bb header_4_text_align=\u00bbleft\u00bb header_4_text_color=\u00bbgcid-heading-color\u00bb header_4_font_size=\u00bb50px\u00bb header_4_line_height=\u00bb1.7em\u00bb custom_padding=\u00bb||8px|15px|false|false\u00bb header_4_line_height_tablet=\u00bb1.4em\u00bb header_4_line_height_phone=\u00bb1.4em\u00bb header_4_line_height_last_edited=\u00bbon|tablet\u00bb border_color_all=\u00bbgcid-3962dd7a-c22c-4125-ae59-b75ca94d97b0&#8243; border_width_left=\u00bb5px\u00bb border_color_left=\u00bbgcid-88ba9f53-0f06-4146-8d8e-e0c83af655fc\u00bb global_colors_info=\u00bb{%22gcid-heading-color%22:%91%22header_4_text_color%22%93,%22gcid-88ba9f53-0f06-4146-8d8e-e0c83af655fc%22:%91%22border_color_left%22%93,%22gcid-d6f6cc4c-89fb-4b08-a382-c7d2f5838e03%22:%91%22header_4_text_color%22,%22header_2_text_color%22%93,%22gcid-3962dd7a-c22c-4125-ae59-b75ca94d97b0%22:%91%22border_color_all%22%93,%22gcid-0bb4aa88-854d-46ad-8783-5c2933726464%22:%91%22border_color_left%22%93}\u00bb]<\/p>\n<h2>Vygon Hemodynamic Days 2025<\/h2>\n<p>Excellence dans la gestion h\u00e9modynamique<\/p>\n<p>[\/et_pb_text][et_pb_text _builder_version=\u00bb4.27.4&#8243; _module_preset=\u00bbdefault\u00bb text_font=\u00bb|300|||||||\u00bb text_line_height=\u00bb1.4em\u00bb header_text_color=\u00bbgcid-ba1f3f0b-ca06-4592-a2f6-e673b1ae65cd\u00bb custom_margin=\u00bb||6px|||\u00bb custom_padding=\u00bb||0px|||\u00bb global_colors_info=\u00bb{%22gcid-ba1f3f0b-ca06-4592-a2f6-e673b1ae65cd%22:%91%22header_text_color%22%93}\u00bb]<\/p>\n<p>La conf\u00e9rence <strong>#VYHEMDAYS25<\/strong> a pour objectif de r\u00e9pondre aux besoins de formation des professionnels de la prise en charge h\u00e9modynamique. Un <strong>\u00e9v\u00e9nement unique<\/strong> o\u00f9 des professionnels internationaux de premier plan pr\u00e9sentent des sujets cruciaux dans la gestion h\u00e9modynamique.<\/p>\n<p>&nbsp;<\/p>\n<p><strong>\u00c0 qui s&#8217;adresse cet \u00e9v\u00e9nement ?<\/strong><\/p>\n<p>Cette conf\u00e9rence se caract\u00e9rise par sa nature int\u00e9grative et la <strong>prise en charge globale de l&#8217;h\u00e9modynamique<\/strong> des patients, qu&#8217;ils soient \u00e0 la recherche d&#8217;un premier contact ou qu&#8217;ils souhaitent mettre \u00e0 jour leurs connaissances et se tenir au courant des derniers d\u00e9veloppements. Cela est possible gr\u00e2ce aux pilules de connaissances disponibles lors des pr\u00e9-journ\u00e9es, qui permettent de cr\u00e9er une base pour l&#8217;utilisateur, et gr\u00e2ce \u00e0 la qualit\u00e9 des pr\u00e9sentations et des experts pr\u00e9sents \u00e0 la conf\u00e9rence.<\/p>\n<p>&nbsp;<\/p>\n<p>[\/et_pb_text][et_pb_text _builder_version=\u00bb4.27.4&#8243; _module_preset=\u00bbdefault\u00bb text_font=\u00bb|300|||||||\u00bb text_line_height=\u00bb1.4em\u00bb header_text_color=\u00bbgcid-ba1f3f0b-ca06-4592-a2f6-e673b1ae65cd\u00bb custom_margin=\u00bb-14px|||||\u00bb global_colors_info=\u00bb{%22gcid-ba1f3f0b-ca06-4592-a2f6-e673b1ae65cd%22:%91%22header_text_color%22%93}\u00bb]<\/p>\n<p>&nbsp;<\/p>\n<p>L&#8217;objectif principal de <strong>VYHEMDAYS<\/strong> est de fournir une vision holistique de la prise en charge h\u00e9modynamique, en se concentrant sur les aspects du monitorage h\u00e9modynamique, et de former les professionnels aux principes du monitorage h\u00e9modynamique afin de r\u00e9pondre \u00e0 tous les d\u00e9fis pos\u00e9s par le contexte actuel. Une <strong>opportunit\u00e9 unique<\/strong> pour tous ceux qui veulent faire un pas en avant dans leur formation.<\/p>\n<p>&nbsp;<\/p>\n<p>[\/et_pb_text][et_pb_button button_url=\u00bb#registro\u00bb button_text=\u00bbInscrivez-vous\u00bb button_alignment=\u00bbleft\u00bb button_alignment_tablet=\u00bbcenter\u00bb button_alignment_phone=\u00bbcenter\u00bb button_alignment_last_edited=\u00bbon|phone\u00bb _builder_version=\u00bb4.27.4&#8243; _module_preset=\u00bb4c1d9543-3239-4a36-97bf-4d691be0fcf8&#8243; custom_margin=\u00bb||39px||false|false\u00bb custom_padding_tablet=\u00bb\u00bb custom_padding_phone=\u00bb10px|35px|10px|35px|true|true\u00bb custom_padding_last_edited=\u00bbon|phone\u00bb button_text_size_tablet=\u00bb\u00bb button_text_size_phone=\u00bb16px\u00bb button_text_size_last_edited=\u00bbon|phone\u00bb global_colors_info=\u00bb{}\u00bb][\/et_pb_button][\/et_pb_column][\/et_pb_row][\/et_pb_section][et_pb_section fb_built=\u00bb1&#8243; specialty=\u00bbon\u00bb padding_top_2=\u00bb68px\u00bb padding_bottom_2=\u00bb68px\u00bb padding_top_bottom_link_2=\u00bbtrue\u00bb padding_left_right_link_2=\u00bbfalse\u00bb padding_2_tablet=\u00bb\u00bb padding_2_phone=\u00bb\u00bb padding_2_last_edited=\u00bbon|phone\u00bb disabled_on=\u00bboff|off|off\u00bb admin_label=\u00bbSection\u00bb _builder_version=\u00bb4.27.0&#8243; _module_preset=\u00bbdefault\u00bb background_color=\u00bbgcid-0f60cc1c-6870-4ee8-9c3f-96e2f1929646&#8243; custom_padding=\u00bb0px|||||\u00bb da_disable_devices=\u00bboff|off|off\u00bb global_colors_info=\u00bb{%22gcid-0f60cc1c-6870-4ee8-9c3f-96e2f1929646%22:%91%22background_color%22%93}\u00bb da_is_popup=\u00bboff\u00bb da_exit_intent=\u00bboff\u00bb da_has_close=\u00bbon\u00bb da_alt_close=\u00bboff\u00bb da_dark_close=\u00bboff\u00bb da_not_modal=\u00bbon\u00bb da_is_singular=\u00bboff\u00bb da_with_loader=\u00bboff\u00bb da_has_shadow=\u00bbon\u00bb][et_pb_column type=\u00bb1_2&#8243; specialty_columns=\u00bb2&#8243; _builder_version=\u00bb4.16&#8243; _module_preset=\u00bbdefault\u00bb custom_padding=\u00bb|||\u00bb global_colors_info=\u00bb{}\u00bb custom_padding__hover=\u00bb|||\u00bb][et_pb_row_inner _builder_version=\u00bb4.27.0&#8243; _module_preset=\u00bbdefault\u00bb global_colors_info=\u00bb{}\u00bb][et_pb_column_inner saved_specialty_column_type=\u00bb1_2&#8243; _builder_version=\u00bb4.25.1&#8243; _module_preset=\u00bbdefault\u00bb global_colors_info=\u00bb{}\u00bb][et_pb_text _builder_version=\u00bb4.27.4&#8243; _module_preset=\u00bbdefault\u00bb header_2_font=\u00bbJosefin Sans|300|||||||\u00bb header_2_text_align=\u00bbleft\u00bb header_2_text_color=\u00bbgcid-heading-color\u00bb header_2_font_size=\u00bb45px\u00bb header_2_line_height=\u00bb1.4em\u00bb header_3_font=\u00bbJosefin Sans|300|||||||\u00bb header_3_text_color=\u00bb#FFFFFF\u00bb header_3_font_size=\u00bb40px\u00bb custom_margin=\u00bb30px|||||\u00bb custom_padding=\u00bb||0px|||\u00bb global_colors_info=\u00bb{%22gcid-heading-color%22:%91%22header_2_text_color%22%93}\u00bb]<\/p>\n<h2>Ne manquez rien !<\/h2>\n<p>[\/et_pb_text][et_pb_divider color=\u00bbgcid-0ef916cf-c223-4cdf-b100-6e43892ce1cb\u00bb _builder_version=\u00bb4.25.1&#8243; _module_preset=\u00bbdefault\u00bb width=\u00bb100%\u00bb module_alignment=\u00bbright\u00bb custom_margin=\u00bb-22px||22px||false|false\u00bb global_colors_info=\u00bb{%22gcid-0ef916cf-c223-4cdf-b100-6e43892ce1cb%22:%91%22color%22%93}\u00bb][\/et_pb_divider][et_pb_text _builder_version=\u00bb4.27.4&#8243; _module_preset=\u00bbdefault\u00bb text_font=\u00bbFira Sans|300|||||||\u00bb text_text_color=\u00bbgcid-body-color\u00bb text_line_height=\u00bb1.4em\u00bb global_colors_info=\u00bb{%22gcid-body-color%22:%91%22text_text_color%22%93}\u00bb]<\/p>\n<p>Si vous souhaitez vous tenir au courant des derniers d\u00e9veloppements en mati\u00e8re de surveillance et de gestion h\u00e9modynamiques et acc\u00e9der \u00e0 des documents exclusifs, rejoignez notre <strong>communaut\u00e9 internationale d&#8217;experts.<\/strong><\/p>\n<p><strong>Montez sur la vague de la surveillance h\u00e9modynamique !<\/strong><\/p>\n<p>[\/et_pb_text][\/et_pb_column_inner][\/et_pb_row_inner][et_pb_row_inner _builder_version=\u00bb4.27.0&#8243; _module_preset=\u00bbdefault\u00bb global_colors_info=\u00bb{}\u00bb][et_pb_column_inner saved_specialty_column_type=\u00bb1_2&#8243; _builder_version=\u00bb4.27.0&#8243; _module_preset=\u00bbdefault\u00bb global_colors_info=\u00bb{}\u00bb][et_pb_button button_url=\u00bb#registro\u00bb button_text=\u00bbInscrivez-vous\u00bb _builder_version=\u00bb4.27.4&#8243; _module_preset=\u00bbdefault\u00bb global_colors_info=\u00bb{}\u00bb][\/et_pb_button][\/et_pb_column_inner][\/et_pb_row_inner][\/et_pb_column][et_pb_column type=\u00bb1_2&#8243; _builder_version=\u00bb4.16&#8243; _module_preset=\u00bbdefault\u00bb custom_padding=\u00bb|||\u00bb global_colors_info=\u00bb{}\u00bb custom_padding__hover=\u00bb|||\u00bb][ba_video_popup image=\u00bbhttps:\/\/campusvygon.com\/vyhemdays\/wp-content\/uploads\/sites\/8\/2024\/11\/portada_vyhem_english.png\u00bb trigger_element=\u00bbicon_text\u00bb icon=\u00bb2&#8243; type=\u00bbvm\u00bb video_link=\u00bbhttps:\/\/vimeo.com\/1034449306?share=copy\u00bb use_animation=\u00bbon\u00bb img_height=\u00bb289px\u00bb icon_color=\u00bb#FFFFFF\u00bb _builder_version=\u00bb4.27.4&#8243; _module_preset=\u00bbdefault\u00bb trigger_text_color=\u00bb#FFFFFF\u00bb border_radii=\u00bbon|9px|9px|9px|9px\u00bb box_shadow_style=\u00bbpreset1&#8243; box_shadow_color=\u00bbrgba(0,0,0,0.2)\u00bb global_colors_info=\u00bb{}\u00bb][\/ba_video_popup][\/et_pb_column][\/et_pb_section][et_pb_section fb_built=\u00bb1&#8243; admin_label=\u00bbSection\u00bb _builder_version=\u00bb4.27.3&#8243; _module_preset=\u00bbdefault\u00bb da_disable_devices=\u00bboff|off|off\u00bb global_colors_info=\u00bb{}\u00bb da_is_popup=\u00bboff\u00bb da_exit_intent=\u00bboff\u00bb da_has_close=\u00bbon\u00bb da_alt_close=\u00bboff\u00bb da_dark_close=\u00bboff\u00bb da_not_modal=\u00bbon\u00bb da_is_singular=\u00bboff\u00bb da_with_loader=\u00bboff\u00bb da_has_shadow=\u00bbon\u00bb][et_pb_row _builder_version=\u00bb4.27.3&#8243; _module_preset=\u00bbdefault\u00bb global_colors_info=\u00bb{}\u00bb][et_pb_column type=\u00bb4_4&#8243; _builder_version=\u00bb4.27.3&#8243; _module_preset=\u00bbdefault\u00bb global_colors_info=\u00bb{}\u00bb][et_pb_text module_id=\u00bbpre\u00bb _builder_version=\u00bb4.27.4&#8243; _module_preset=\u00bbdefault\u00bb text_font=\u00bb|&#8211;et_global_body_font_weight|||||||\u00bb header_4_font=\u00bb|&#8211;et_global_heading_font_weight|||||||\u00bb header_4_text_align=\u00bbleft\u00bb header_4_text_color=\u00bbgcid-heading-color\u00bb header_4_font_size=\u00bb50px\u00bb header_4_line_height=\u00bb1.7em\u00bb custom_padding=\u00bb||8px|15px|false|false\u00bb header_4_line_height_tablet=\u00bb1.4em\u00bb header_4_line_height_phone=\u00bb1.4em\u00bb header_4_line_height_last_edited=\u00bbon|tablet\u00bb border_width_left=\u00bb5px\u00bb border_color_left=\u00bbgcid-88ba9f53-0f06-4146-8d8e-e0c83af655fc\u00bb locked=\u00bboff\u00bb global_colors_info=\u00bb{%22gcid-heading-color%22:%91%22header_4_text_color%22%93,%22gcid-88ba9f53-0f06-4146-8d8e-e0c83af655fc%22:%91%22border_color_left%22%93}\u00bb]<\/p>\n<h4>Que d\u00e9couvrirez-vous dans VYHEMDAYS ?<\/h4>\n<p>Cette conf\u00e9rence vise \u00e0 fournir une vue d&#8217;ensemble de la gestion h\u00e9modynamique. Voici quelques-uns des sujets que vous d\u00e9couvrirez lors de cet \u00e9v\u00e9nement :<\/p>\n<p>[\/et_pb_text][\/et_pb_column][\/et_pb_row][et_pb_row column_structure=\u00bb1_4,1_4,1_4,1_4&#8243; _builder_version=\u00bb4.27.3&#8243; _module_preset=\u00bbdefault\u00bb custom_padding=\u00bb10px||100px||false|false\u00bb global_colors_info=\u00bb{}\u00bb][et_pb_column type=\u00bb1_4&#8243; _builder_version=\u00bb4.27.0&#8243; _module_preset=\u00bbdefault\u00bb global_colors_info=\u00bb{}\u00bb][ba_icon_box icon=\u00bb&#xf21e;||fa||900&#8243; title=\u00bbPr\u00e9charge et postcharge\u00bb description=\u00bbNous aborderons l&#8217;importance de la pr\u00e9charge et de la postcharge dans l&#8217;\u00e9valuation des performances cardiaques et leur impact sur la prise de d\u00e9cision clinique afin d&#8217;optimiser la prise en charge du patient gravement malade.\u00bb icon_color=\u00bb#004331&#8243; icon_width=\u00bb60px\u00bb icon_height=\u00bb60px\u00bb icon_spacing=\u00bb15px\u00bb _builder_version=\u00bb4.27.4&#8243; _module_preset=\u00bbdefault\u00bb title_font=\u00bb&#8211;et_global_heading_font||||||||\u00bb title_text_color=\u00bb#004331&#8243; title_font_size=\u00bb1.5rem\u00bb title_line_height=\u00bb1.2em\u00bb description_font_size=\u00bb0.9rem\u00bb description_line_height=\u00bb1.4em\u00bb custom_margin=\u00bb-10px||||false|false\u00bb custom_padding=\u00bb25px|30px|66px|30px|false|false\u00bb border_radii_box=\u00bbon|9px|9px|9px|9px\u00bb box_shadow_style_item=\u00bbpreset2&#8243; box_shadow_horizontal_item=\u00bb22px\u00bb box_shadow_vertical_item=\u00bb15px\u00bb box_shadow_blur_item=\u00bb15px\u00bb box_shadow_color_item=\u00bbrgba(0,0,0,0.1)\u00bb global_colors_info=\u00bb{}\u00bb][\/ba_icon_box][\/et_pb_column][et_pb_column type=\u00bb1_4&#8243; _builder_version=\u00bb4.27.0&#8243; _module_preset=\u00bbdefault\u00bb global_colors_info=\u00bb{}\u00bb][ba_icon_box icon=\u00bb&#xf06c;||fa||900&#8243; title=\u00bbDurabilit\u00e9\u00bb description=\u00bbNous examinerons en profondeur le concept de %22surveillance verte%22 et l&#8217;avenir de la surveillance durable.<br \/>\nEst-il possible de r\u00e9aliser une gestion h\u00e9modynamique pr\u00e9cise tout en r\u00e9duisant les co\u00fbts environnementaux ?\u00bb icon_color=\u00bb#004331&#8243; icon_width=\u00bb60px\u00bb icon_height=\u00bb60px\u00bb icon_spacing=\u00bb15px\u00bb _builder_version=\u00bb4.27.4&#8243; _module_preset=\u00bbdefault\u00bb title_font=\u00bb&#8211;et_global_heading_font||||||||\u00bb title_text_color=\u00bb#004331&#8243; title_font_size=\u00bb1.5rem\u00bb title_line_height=\u00bb1.2em\u00bb description_font_size=\u00bb0.9rem\u00bb description_line_height=\u00bb1.4em\u00bb min_height=\u00bb376.9px\u00bb custom_margin=\u00bb-10px||||false|false\u00bb custom_padding=\u00bb25px|30px|30px|30px|false|false\u00bb border_radii_box=\u00bbon|9px|9px|9px|9px\u00bb box_shadow_style_item=\u00bbpreset2&#8243; box_shadow_horizontal_item=\u00bb22px\u00bb box_shadow_vertical_item=\u00bb15px\u00bb box_shadow_blur_item=\u00bb15px\u00bb box_shadow_color_item=\u00bbrgba(0,0,0,0.1)\u00bb global_colors_info=\u00bb{}\u00bb][\/ba_icon_box][\/et_pb_column][et_pb_column type=\u00bb1_4&#8243; _builder_version=\u00bb4.27.0&#8243; _module_preset=\u00bbdefault\u00bb global_colors_info=\u00bb{}\u00bb][ba_icon_box icon=\u00bb&#xf058;||fa||900&#8243; title=\u00bbEfficacit\u00e9 cardiaque\u00bb description=\u00bbNous aborderons la notion %22d&#8217;efficacit\u00e9 cardiaque%22 et son r\u00f4le crucial dans l&#8217;\u00e9valuation de la performance cardiaque, en fournissant des outils pour optimiser la gestion h\u00e9modynamique.\u00bb icon_color=\u00bb#004331&#8243; icon_width=\u00bb60px\u00bb icon_height=\u00bb60px\u00bb icon_spacing=\u00bb15px\u00bb _builder_version=\u00bb4.27.4&#8243; _module_preset=\u00bbdefault\u00bb title_font=\u00bb&#8211;et_global_heading_font||||||||\u00bb title_text_color=\u00bb#004331&#8243; title_font_size=\u00bb1.5rem\u00bb title_line_height=\u00bb1.2em\u00bb description_font_size=\u00bb0.9rem\u00bb description_line_height=\u00bb1.4em\u00bb min_height=\u00bb377.5px\u00bb custom_margin=\u00bb-10px||19px||false|false\u00bb custom_padding=\u00bb25px|30px|30px|30px|false|false\u00bb border_radii_box=\u00bbon|9px|9px|9px|9px\u00bb box_shadow_style_item=\u00bbpreset2&#8243; box_shadow_horizontal_item=\u00bb22px\u00bb box_shadow_vertical_item=\u00bb15px\u00bb box_shadow_blur_item=\u00bb15px\u00bb box_shadow_color_item=\u00bbrgba(0,0,0,0.1)\u00bb global_colors_info=\u00bb{}\u00bb][\/ba_icon_box][\/et_pb_column][et_pb_column type=\u00bb1_4&#8243; _builder_version=\u00bb4.27.0&#8243; _module_preset=\u00bbdefault\u00bb global_colors_info=\u00bb{}\u00bb][ba_icon_box icon=\u00bb&#xf534;||fa||900&#8243; title=\u00bbManejo integral\u00bb description=\u00bbNous explorerons l&#8217;importance d&#8217;une gestion h\u00e9modynamique compl\u00e8te du patient gravement malade : optimisation pr\u00e9cise de la qualit\u00e9 du signal, surveillance battement par battement et en temps r\u00e9el et d\u00e9cisions th\u00e9rapeutiques guid\u00e9es en tant que facteurs cruciaux pour fournir une gestion h\u00e9modynamique pr\u00e9cise, cibl\u00e9e et individualis\u00e9e.\u00bb icon_color=\u00bb#004331&#8243; icon_width=\u00bb60px\u00bb icon_height=\u00bb60px\u00bb icon_spacing=\u00bb15px\u00bb _builder_version=\u00bb4.27.4&#8243; _module_preset=\u00bbdefault\u00bb title_font=\u00bb&#8211;et_global_heading_font||||||||\u00bb title_text_color=\u00bb#004331&#8243; title_font_size=\u00bb1.5rem\u00bb title_line_height=\u00bb1.2em\u00bb description_font_size=\u00bb0.9rem\u00bb description_line_height=\u00bb1.4em\u00bb custom_margin=\u00bb-10px||11px||false|false\u00bb custom_padding=\u00bb25px|9px|37px|4px|false|false\u00bb border_radii_box=\u00bbon|9px|9px|9px|9px\u00bb box_shadow_style_item=\u00bbpreset2&#8243; box_shadow_horizontal_item=\u00bb22px\u00bb box_shadow_vertical_item=\u00bb15px\u00bb box_shadow_blur_item=\u00bb15px\u00bb box_shadow_color_item=\u00bbrgba(0,0,0,0.1)\u00bb global_colors_info=\u00bb{}\u00bb][\/ba_icon_box][\/et_pb_column][\/et_pb_row][\/et_pb_section][et_pb_section fb_built=\u00bb1&#8243; disabled_on=\u00bboff|off|off\u00bb admin_label=\u00bbSection\u00bb module_id=\u00bbregistro\u00bb _builder_version=\u00bb4.27.0&#8243; _module_preset=\u00bbdefault\u00bb da_popup_slug=\u00bbregistro\u00bb da_disable_devices=\u00bboff|off|off\u00bb global_colors_info=\u00bb{}\u00bb da_is_popup=\u00bboff\u00bb da_exit_intent=\u00bboff\u00bb da_has_close=\u00bbon\u00bb da_alt_close=\u00bboff\u00bb da_dark_close=\u00bboff\u00bb da_not_modal=\u00bbon\u00bb da_is_singular=\u00bboff\u00bb da_with_loader=\u00bboff\u00bb da_has_shadow=\u00bbon\u00bb][et_pb_row _builder_version=\u00bb4.25.1&#8243; _module_preset=\u00bbdefault\u00bb width=\u00bb90%\u00bb global_colors_info=\u00bb{}\u00bb][et_pb_column type=\u00bb4_4&#8243; _builder_version=\u00bb4.25.1&#8243; _module_preset=\u00bbdefault\u00bb global_colors_info=\u00bb{}\u00bb][et_pb_text _builder_version=\u00bb4.27.4&#8243; _module_preset=\u00bbdefault\u00bb header_font=\u00bb|800||on|||||\u00bb header_text_align=\u00bbcenter\u00bb header_font_size=\u00bb40px\u00bb header_2_font=\u00bb|&#8211;et_global_heading_font_weight|||||||\u00bb header_2_text_align=\u00bbcenter\u00bb header_2_text_color=\u00bbgcid-heading-color\u00bb header_2_font_size=\u00bb60px\u00bb header_2_line_height=\u00bb1.4em\u00bb header_4_font=\u00bb|800||on|||||\u00bb header_4_text_align=\u00bbcenter\u00bb header_4_text_color=\u00bbgcid-d6f6cc4c-89fb-4b08-a382-c7d2f5838e03&#8243; header_4_font_size=\u00bb40px\u00bb header_4_line_height=\u00bb1.7em\u00bb global_colors_info=\u00bb{%22gcid-d6f6cc4c-89fb-4b08-a382-c7d2f5838e03%22:%91%22header_4_text_color%22,%22header_4_text_color%22%93,%22gcid-heading-color%22:%91%22header_2_text_color%22%93}\u00bb]<\/p>\n<h2>Choisissez comment participer !<\/h2>\n<p>[\/et_pb_text][et_pb_divider _builder_version=\u00bb4.25.1&#8243; _module_preset=\u00bbdefault\u00bb width=\u00bb10%\u00bb module_alignment=\u00bbcenter\u00bb global_colors_info=\u00bb{}\u00bb][\/et_pb_divider][et_pb_text _builder_version=\u00bb4.27.4&#8243; _module_preset=\u00bbdefault\u00bb text_font=\u00bb|&#8211;et_global_body_font_weight|||||||\u00bb text_font_size=\u00bb18px\u00bb text_orientation=\u00bbcenter\u00bb custom_margin=\u00bb||51px|||\u00bb global_colors_info=\u00bb{}\u00bb]<\/p>\n<p>Choisissez la modalit\u00e9 qui correspond le mieux \u00e0 vos pr\u00e9f\u00e9rences &#8211; <strong>Places limit\u00e9es !<\/strong><\/p>\n<p>[\/et_pb_text][\/et_pb_column][\/et_pb_row][et_pb_row _builder_version=\u00bb4.25.1&#8243; _module_preset=\u00bbdefault\u00bb width=\u00bb90%\u00bb global_colors_info=\u00bb{}\u00bb][et_pb_column type=\u00bb4_4&#8243; _builder_version=\u00bb4.25.1&#8243; _module_preset=\u00bbdefault\u00bb global_colors_info=\u00bb{}\u00bb][et_pb_pricing_tables featured_table_header_background_color=\u00bb#004431&#8243; header_background_color=\u00bb#7a9f80&#8243; show_featured_drop_shadow=\u00bboff\u00bb featured_table_price_color=\u00bb#004431&#8243; _builder_version=\u00bb4.27.4&#8243; _module_preset=\u00bbdefault\u00bb currency_frequency_text_color=\u00bb#7a9f80&#8243; price_text_color=\u00bb#004431&#8243; header_level=\u00bbh4&#8243; header_font=\u00bb||||||||\u00bb header_font_size=\u00bb25px\u00bb header_line_height=\u00bb1.9em\u00bb body_font=\u00bb|&#8211;et_global_body_font_weight|||||||\u00bb subheader_font=\u00bb|&#8211;et_global_body_font_weight|||||||\u00bb subheader_font_size=\u00bb16px\u00bb subheader_line_height=\u00bb1.4em\u00bb price_font=\u00bb|700|||||||\u00bb currency_frequency_font=\u00bb|700|||||||\u00bb custom_padding=\u00bb|20px||20px|false|true\u00bb global_colors_info=\u00bb{%22gcid-5c0ffe69-7172-4b18-84d5-8ca2b15ef07e%22:%91%22currency_frequency_text_color%22,%22header_background_color%22%93,%22gcid-88ba9f53-0f06-4146-8d8e-e0c83af655fc%22:%91%22price_text_color%22,%22featured_table_price_color%22,%22featured_table_header_background_color%22%93}\u00bb][et_pb_pricing_table featured=\u00bbon\u00bb title=\u00bbOption Bronze\u00bb subtitle=\u00bbEn ligne &#8211; Acc\u00e8s aux enregistrements sur une base temporelle\u00bb sum=\u00bbGratuit\u00bb button_url=\u00bbhttps:\/\/learning.campusvygon.com\/cours\/vyhemdays25-bronze-fr-24011372?edicion=24000548&amp;tab=info\u00bb url_new_window=\u00bbon\u00bb button_text=\u00bbJe veux cette entr\u00e9e\u00bb bullet_color=\u00bbgcid-88ba9f53-0f06-4146-8d8e-e0c83af655fc\u00bb _builder_version=\u00bb4.27.4&#8243; _module_preset=\u00bbdefault\u00bb price_text_color=\u00bbgcid-88ba9f53-0f06-4146-8d8e-e0c83af655fc\u00bb body_ul_type=\u00bbsquare\u00bb price_font=\u00bb|700||on|||||\u00bb price_text_align=\u00bbcenter\u00bb price_font_size=\u00bb40px\u00bb price_line_height=\u00bb83px\u00bb currency_frequency_font=\u00bb||||||||\u00bb custom_button=\u00bbon\u00bb button_text_size=\u00bb18px\u00bb button_border_radius=\u00bb5px\u00bb button_font=\u00bb|||on|||||\u00bb global_colors_info=\u00bb{%22gcid-88ba9f53-0f06-4146-8d8e-e0c83af655fc%22:%91%22price_text_color%22,%22bullet_color%22%93}\u00bb sticky_transition=\u00bbon\u00bb]<\/p>\n<p><strong>Vid\u00e9os pr\u00e9-congr\u00e8s.<\/strong><\/p>\n<p>Articles d&#8217;int\u00e9r\u00eat<\/p>\n<p>Infographies t\u00e9l\u00e9chargeables<\/p>\n<p>Tutoriels<\/p>\n<p>R\u00e9sum\u00e9 t\u00e9l\u00e9chargeable de la journ\u00e9e<\/p>\n<p>[\/et_pb_pricing_table][et_pb_pricing_table featured=\u00bbon\u00bb title=\u00bbOption Argent\u00bb subtitle=\u00bbAcc\u00e8s en continu &#8211; Accr\u00e9ditation CFC en cours\u00bb currency=\u00bb\u20ac\u00bb sum=\u00bb150&#8243; button_url=\u00bbhttps:\/\/learning.campusvygon.com\/cours\/vyhemdays25-argent-fr-24011371?edicion=24000547&amp;tab=info\u00bb url_new_window=\u00bbon\u00bb button_text=\u00bbJe veux cette entr\u00e9e\u00bb bullet_color=\u00bbgcid-88ba9f53-0f06-4146-8d8e-e0c83af655fc\u00bb _builder_version=\u00bb4.27.4&#8243; _module_preset=\u00bbdefault\u00bb price_text_color=\u00bbgcid-88ba9f53-0f06-4146-8d8e-e0c83af655fc\u00bb body_ul_type=\u00bbsquare\u00bb price_font=\u00bb|700||on|||||\u00bb price_text_align=\u00bbcenter\u00bb currency_frequency_font=\u00bb||||||||\u00bb currency_frequency_text_color=\u00bbgcid-88ba9f53-0f06-4146-8d8e-e0c83af655fc\u00bb custom_button=\u00bbon\u00bb button_text_size=\u00bb18px\u00bb button_border_radius=\u00bb5px\u00bb button_font=\u00bb|||on|||||\u00bb global_colors_info=\u00bb{%22gcid-88ba9f53-0f06-4146-8d8e-e0c83af655fc%22:%91%22price_text_color%22,%22currency_frequency_text_color%22,%22bullet_color%22%93}\u00bb sticky_transition=\u00bbon\u00bb]<\/p>\n<p>Vid\u00e9os pr\u00e9-congr\u00e8s disponibles sur la plateforme de formation<\/p>\n<p><strong>Pr\u00e9sentations en direct<\/strong> <strong>(streaming) par<\/strong> <strong>des experts nationaux et internationaux.<\/strong><\/p>\n<p><strong>Visualisation<\/strong> <strong>de cas cliniques interactifs<\/strong> <strong>(streaming)<\/strong><\/p>\n<p><strong>Phases<\/strong> <strong>des questions du public aux orateurs (streaming)<\/strong><\/p>\n<p>En attente d&#8217;accr\u00e9ditation par la Commission pour l&#8217;\u00e9ducation et la formation tout au long de la vie (Espagne)<\/p>\n<p>Articles d&#8217;int\u00e9r\u00eat<\/p>\n<p>Infographies t\u00e9l\u00e9chargeables<\/p>\n<p>Tutoriels<\/p>\n<p>R\u00e9sum\u00e9 t\u00e9l\u00e9chargeable de la journ\u00e9e<\/p>\n<p>[\/et_pb_pricing_table][et_pb_pricing_table featured=\u00bbon\u00bb title=\u00bbOption Or\u00bb subtitle=\u00bbPr\u00e9sence en classe &#8211; Accr\u00e9ditation CFC en cours\u00bb currency=\u00bb\u20ac\u00bb sum=\u00bb500&#8243; button_url=\u00bb#nulo\u00bb url_new_window=\u00bbon\u00bb button_text=\u00bbaphorasie compl\u00e8te\u00bb bullet_color=\u00bbgcid-88ba9f53-0f06-4146-8d8e-e0c83af655fc\u00bb _builder_version=\u00bb4.27.4&#8243; _module_preset=\u00bbdefault\u00bb price_text_color=\u00bbgcid-88ba9f53-0f06-4146-8d8e-e0c83af655fc\u00bb body_ul_type=\u00bbsquare\u00bb price_font=\u00bb|700||on|||||\u00bb price_text_align=\u00bbcenter\u00bb currency_frequency_font=\u00bb||||||||\u00bb currency_frequency_text_color=\u00bbgcid-88ba9f53-0f06-4146-8d8e-e0c83af655fc\u00bb custom_button=\u00bbon\u00bb button_bg_color=\u00bbgcid-0ef916cf-c223-4cdf-b100-6e43892ce1cb\u00bb button_border_radius=\u00bb5px\u00bb button_font=\u00bb|||on|||||\u00bb button_use_icon=\u00bboff\u00bb filter_opacity=\u00bb62%\u00bb global_colors_info=\u00bb{%22gcid-88ba9f53-0f06-4146-8d8e-e0c83af655fc%22:%91%22price_text_color%22,%22bullet_color%22,%22currency_frequency_text_color%22%93,%22gcid-0ef916cf-c223-4cdf-b100-6e43892ce1cb%22:%91%22button_bg_color%22,%22button_border_color__hover%22%93}\u00bb button_bg_color__hover_enabled=\u00bbon|hover\u00bb button_text_color__hover_enabled=\u00bbon|hover\u00bb button_text_color__hover=\u00bb#FFFFFF\u00bb button_bg_color__hover=\u00bb#E02B20&#8243; button_border_color__hover_enabled=\u00bbon|hover\u00bb button_border_color__hover=\u00bb#ea4e48&#8243; sticky_transition=\u00bbon\u00bb]<\/p>\n<p><strong>Vid\u00e9os pr\u00e9-congr\u00e8s<\/strong> disponibles sur la plateforme de formation<\/p>\n<p><strong>Pr\u00e9sentations en direct<\/strong> par des experts nationaux et internationaux <strong>(face \u00e0 face)<\/strong><\/p>\n<p>Visualisation de <strong>cas cliniques interactifs<\/strong> (en diff\u00e9r\u00e9)<\/p>\n<p>Phases des <strong>questions du public aux intervenants sur place<\/strong><\/p>\n<p><strong>Sac du participant<\/strong><\/p>\n<p><strong>D\u00eener de la journ\u00e9e<\/strong> avec les intervenants<\/p>\n<p><strong>Journ\u00e9e de coexistence sur place avec des experts<\/strong><\/p>\n<p><strong>En attente d&#8217;accr\u00e9ditation par la Commission pour l&#8217;\u00e9ducation et la formation tout au long de la vie (Espagne)<\/strong><\/p>\n<p>Articles d&#8217;int\u00e9r\u00eat<\/p>\n<p>Infographies t\u00e9l\u00e9chargeables<\/p>\n<p>Tutoriels<\/p>\n<p>R\u00e9sum\u00e9 t\u00e9l\u00e9chargeable de la journ\u00e9e<\/p>\n<p>[\/et_pb_pricing_table][\/et_pb_pricing_tables][\/et_pb_column][\/et_pb_row][\/et_pb_section][et_pb_section fb_built=\u00bb1&#8243; disabled_on=\u00bboff|off|off\u00bb admin_label=\u00bbSection\u00bb module_id=\u00bbprograma\u00bb _builder_version=\u00bb4.27.3&#8243; _module_preset=\u00bbdefault\u00bb background_color=\u00bbgcid-88ba9f53-0f06-4146-8d8e-e0c83af655fc\u00bb da_popup_slug=\u00bbprograma\u00bb da_disable_devices=\u00bboff|off|off\u00bb locked=\u00bboff\u00bb collapsed=\u00bbon\u00bb global_colors_info=\u00bb{%22gcid-88ba9f53-0f06-4146-8d8e-e0c83af655fc%22:%91%22background_color%22%93}\u00bb da_is_popup=\u00bboff\u00bb da_exit_intent=\u00bboff\u00bb da_has_close=\u00bbon\u00bb da_alt_close=\u00bboff\u00bb da_dark_close=\u00bboff\u00bb da_not_modal=\u00bbon\u00bb da_is_singular=\u00bboff\u00bb da_with_loader=\u00bboff\u00bb da_has_shadow=\u00bbon\u00bb][et_pb_row _builder_version=\u00bb4.21.0&#8243; _module_preset=\u00bbdefault\u00bb custom_padding=\u00bb||51px|||\u00bb global_colors_info=\u00bb{}\u00bb][et_pb_column type=\u00bb4_4&#8243; _builder_version=\u00bb4.21.0&#8243; _module_preset=\u00bbdefault\u00bb global_colors_info=\u00bb{}\u00bb][et_pb_text _builder_version=\u00bb4.27.4&#8243; _module_preset=\u00bbdefault\u00bb header_font=\u00bb|800||on|||||\u00bb header_text_align=\u00bbcenter\u00bb header_font_size=\u00bb40px\u00bb header_2_font=\u00bb|&#8211;et_global_heading_font_weight|||||||\u00bb header_2_text_align=\u00bbcenter\u00bb header_2_text_color=\u00bb#FFFFFF\u00bb header_2_font_size=\u00bb50px\u00bb header_2_line_height=\u00bb1.4em\u00bb header_4_font=\u00bb|800||on|||||\u00bb header_4_text_align=\u00bbcenter\u00bb header_4_text_color=\u00bbgcid-d6f6cc4c-89fb-4b08-a382-c7d2f5838e03&#8243; header_4_font_size=\u00bb40px\u00bb header_4_line_height=\u00bb1.7em\u00bb global_colors_info=\u00bb{%22gcid-d6f6cc4c-89fb-4b08-a382-c7d2f5838e03%22:%91%22header_4_text_color%22,%22header_4_text_color%22%93}\u00bb]<\/p>\n<h2>Programme de la conf\u00e9rence<\/h2>\n<p>[\/et_pb_text][et_pb_text _builder_version=\u00bb4.27.4&#8243; _module_preset=\u00bbdefault\u00bb text_font=\u00bb|&#8211;et_global_body_font_weight|||||||\u00bb text_text_color=\u00bb#FFFFFF\u00bb text_orientation=\u00bbcenter\u00bb global_colors_info=\u00bb{}\u00bb]<\/p>\n<p>Consultez le programme complet : contenu de la pr\u00e9-conf\u00e9rence (disponible pour les 3 modalit\u00e9s) et pr\u00e9sentations des 3 et 4 avril (disponibles uniquement pour les inscriptions or et argent).<\/p>\n<p>[\/et_pb_text][\/et_pb_column][\/et_pb_row][et_pb_row column_structure=\u00bb1_3,1_3,1_3&#8243; _builder_version=\u00bb4.27.3&#8243; _module_preset=\u00bbdefault\u00bb locked=\u00bboff\u00bb global_colors_info=\u00bb{}\u00bb][et_pb_column type=\u00bb1_3&#8243; _builder_version=\u00bb4.21.0&#8243; _module_preset=\u00bbdefault\u00bb global_colors_info=\u00bb{}\u00bb][et_pb_button button_url=\u00bbhttps:\/\/campusvygon.com\/vyhemdays\/prejornadasvyhem25\/\u00bb url_new_window=\u00bbon\u00bb button_text=\u00bbPr\u00e9-ateliers\u00bb button_alignment=\u00bbcenter\u00bb _builder_version=\u00bb4.27.4&#8243; _module_preset=\u00bb2ccd48d8-5061-4c56-b9a3-75ed72b0080e\u00bb button_text_size=\u00bb22px\u00bb button_text_color=\u00bb#FFFFFF\u00bb button_bg_use_color_gradient=\u00bbon\u00bb button_bg_color_gradient_stops=\u00bb#cd7f32 0%|rgba(204,118,32,0.62) 100%\u00bb button_border_color=\u00bb#FFFFFF\u00bb button_use_icon=\u00bboff\u00bb transform_scale=\u00bb90%|90%\u00bb custom_padding=\u00bb15px|40px|15px|40px|true|true\u00bb global_colors_info=\u00bb{%22gcid-88ba9f53-0f06-4146-8d8e-e0c83af655fc%22:%91%22button_text_color__hover%22,%22button_text_color__hover%22,%22button_text_color__hover%22,%22button_text_color__hover%22%93}\u00bb button_text_color__hover=\u00bb#FFFFFF\u00bb button_bg_color__hover_enabled=\u00bbon|hover\u00bb button_bg_color__hover=\u00bbRGBA(255,255,255,0)\u00bb button_bg_enable_color__hover=\u00bbon\u00bb][\/et_pb_button][\/et_pb_column][et_pb_column type=\u00bb1_3&#8243; _builder_version=\u00bb4.21.0&#8243; _module_preset=\u00bbdefault\u00bb global_colors_info=\u00bb{}\u00bb][et_pb_button button_url=\u00bbhttps:\/\/campusvygon.com\/vyhemdays\/orovyhemdays25\/\u00bb url_new_window=\u00bbon\u00bb button_text=\u00bbProgramme d&#8217;Or\u00bb button_alignment=\u00bbcenter\u00bb _builder_version=\u00bb4.27.4&#8243; _module_preset=\u00bb2ccd48d8-5061-4c56-b9a3-75ed72b0080e\u00bb button_text_size=\u00bb22px\u00bb button_text_color=\u00bb#FFFFFF\u00bb button_bg_use_color_gradient=\u00bbon\u00bb button_bg_color_gradient_direction=\u00bb186deg\u00bb button_bg_color_gradient_stops=\u00bb#ae8625 0%|#f7ef8a 100%\u00bb button_border_color=\u00bb#FFFFFF\u00bb button_icon_color=\u00bbRGBA(255,255,255,0)\u00bb transform_scale=\u00bb90%|90%\u00bb custom_padding=\u00bb15px|40px|15px|40px|true|true\u00bb global_colors_info=\u00bb{%22gcid-88ba9f53-0f06-4146-8d8e-e0c83af655fc%22:%91%22button_text_color%22%93}\u00bb button_bg_color__hover_enabled=\u00bbon|hover\u00bb button_text_color__hover=\u00bb#FFFFFF\u00bb button_bg_color__hover=\u00bbRGBA(255,255,255,0)\u00bb button_bg_enable_color__hover=\u00bbon\u00bb][\/et_pb_button][\/et_pb_column][et_pb_column type=\u00bb1_3&#8243; _builder_version=\u00bb4.21.0&#8243; _module_preset=\u00bbdefault\u00bb global_colors_info=\u00bb{}\u00bb][et_pb_button button_url=\u00bbhttps:\/\/campusvygon.com\/vyhemdays\/platavyhem25\/\u00bb url_new_window=\u00bbon\u00bb button_text=\u00bbProgramme Argent\u00bb button_alignment=\u00bbcenter\u00bb _builder_version=\u00bb4.27.4&#8243; _module_preset=\u00bb2ccd48d8-5061-4c56-b9a3-75ed72b0080e\u00bb button_text_size=\u00bb22px\u00bb button_text_color=\u00bb#FFFFFF\u00bb button_bg_use_color_gradient=\u00bbon\u00bb button_bg_color_gradient_stops=\u00bb#707070 0%|#f9f9f9 100%\u00bb button_border_color=\u00bb#FFFFFF\u00bb transform_scale=\u00bb90%|90%\u00bb global_colors_info=\u00bb{%22gcid-88ba9f53-0f06-4146-8d8e-e0c83af655fc%22:%91%22button_text_color%22,%22button_text_color%22,%22button_text_color%22%93}\u00bb button_text_color__hover=\u00bb#FFFFFF\u00bb button_bg_color__hover=\u00bbRGBA(255,255,255,0)\u00bb button_bg_enable_color__hover=\u00bbon\u00bb][\/et_pb_button][\/et_pb_column][\/et_pb_row][\/et_pb_section][et_pb_section fb_built=\u00bb1&#8243; admin_label=\u00bbSection\u00bb _builder_version=\u00bb4.27.3&#8243; _module_preset=\u00bbdefault\u00bb da_disable_devices=\u00bboff|off|off\u00bb global_colors_info=\u00bb{}\u00bb da_is_popup=\u00bboff\u00bb da_exit_intent=\u00bboff\u00bb da_has_close=\u00bbon\u00bb da_alt_close=\u00bboff\u00bb da_dark_close=\u00bboff\u00bb da_not_modal=\u00bbon\u00bb da_is_singular=\u00bboff\u00bb da_with_loader=\u00bboff\u00bb da_has_shadow=\u00bbon\u00bb][et_pb_row use_custom_gutter=\u00bbon\u00bb gutter_width=\u00bb2&#8243; make_equal=\u00bbon\u00bb _builder_version=\u00bb4.25.1&#8243; _module_preset=\u00bbdefault\u00bb width=\u00bb90%\u00bb custom_padding=\u00bb44px|||||\u00bb locked=\u00bboff\u00bb global_colors_info=\u00bb{}\u00bb][et_pb_column type=\u00bb4_4&#8243; _builder_version=\u00bb4.16&#8243; _module_preset=\u00bbdefault\u00bb custom_padding=\u00bb|||\u00bb global_colors_info=\u00bb{}\u00bb custom_padding__hover=\u00bb|||\u00bb][et_pb_text module_id=\u00bbprograma\u00bb _builder_version=\u00bb4.27.4&#8243; _module_preset=\u00bbdefault\u00bb header_font=\u00bb|&#8211;et_global_body_font_weight|||||||\u00bb header_4_font=\u00bb|&#8211;et_global_body_font_weight|||||||\u00bb header_4_text_align=\u00bbleft\u00bb header_4_text_color=\u00bbgcid-d6f6cc4c-89fb-4b08-a382-c7d2f5838e03&#8243; header_4_font_size=\u00bb50px\u00bb header_4_line_height=\u00bb1.7em\u00bb custom_padding=\u00bb0px||0px|15px|false|false\u00bb header_4_line_height_tablet=\u00bb1.4em\u00bb header_4_line_height_phone=\u00bb1.4em\u00bb header_4_line_height_last_edited=\u00bbon|tablet\u00bb border_color_left=\u00bbgcid-88ba9f53-0f06-4146-8d8e-e0c83af655fc\u00bb locked=\u00bboff\u00bb global_colors_info=\u00bb{%22gcid-d6f6cc4c-89fb-4b08-a382-c7d2f5838e03%22:%91%22header_4_text_color%22,%22header_4_text_color%22,%22header_4_text_color%22%93,%22gcid-88ba9f53-0f06-4146-8d8e-e0c83af655fc%22:%91%22border_color_left%22%93,%22gcid-ba1f3f0b-ca06-4592-a2f6-e673b1ae65cd%22:%91%22border_color_left%22%93}\u00bb]<\/p>\n<h4>Intervenants nationaux et internationaux<\/h4>\n<p>[\/et_pb_text][\/et_pb_column][\/et_pb_row][et_pb_row disabled_on=\u00bboff|off|off\u00bb _builder_version=\u00bb4.27.3&#8243; _module_preset=\u00bbdefault\u00bb background_color=\u00bbgcid-d6f6cc4c-89fb-4b08-a382-c7d2f5838e03&#8243; width=\u00bb90%\u00bb custom_margin=\u00bb37px|auto|37px|auto|true|\u00bb custom_padding=\u00bb0px||0px|||\u00bb locked=\u00bboff\u00bb global_colors_info=\u00bb{%22gcid-d6f6cc4c-89fb-4b08-a382-c7d2f5838e03%22:%91%22background_color%22%93}\u00bb][et_pb_column type=\u00bb4_4&#8243; _builder_version=\u00bb4.21.0&#8243; _module_preset=\u00bbdefault\u00bb global_colors_info=\u00bb{}\u00bb][et_pb_text _builder_version=\u00bb4.27.4&#8243; _module_preset=\u00bbdefault\u00bb text_font=\u00bb||||||||\u00bb text_line_height=\u00bb1.8em\u00bb header_font=\u00bb||||||||\u00bb header_3_font=\u00bb||||||||\u00bb header_4_font=\u00bb||||||||\u00bb header_5_font=\u00bb||||||||\u00bb header_5_text_color=\u00bb#FFFFFF\u00bb header_5_font_size=\u00bb20px\u00bb header_5_line_height=\u00bb1.4em\u00bb header_6_font=\u00bb||||||||\u00bb custom_margin=\u00bb||||false|false\u00bb custom_padding=\u00bb15px||||false|false\u00bb locked=\u00bboff\u00bb global_colors_info=\u00bb{}\u00bb]<\/p>\n<h5 style=\"text-align: center\">Comit\u00e9 scientifique<\/h5>\n<p>[\/et_pb_text][\/et_pb_column][\/et_pb_row][et_pb_row column_structure=\u00bb1_4,1_4,1_4,1_4&#8243; use_custom_gutter=\u00bbon\u00bb gutter_width=\u00bb2&#8243; make_equal=\u00bbon\u00bb _builder_version=\u00bb4.27.0&#8243; _module_preset=\u00bbdefault\u00bb width=\u00bb90%\u00bb custom_padding=\u00bb44px|||||\u00bb global_colors_info=\u00bb{}\u00bb][et_pb_column type=\u00bb1_4&#8243; _builder_version=\u00bb4.27.0&#8243; _module_preset=\u00bbdefault\u00bb custom_padding=\u00bb20px|10px|20px|10px|true|true\u00bb border_width_all=\u00bb1px\u00bb border_color_all=\u00bbrgba(0,0,0,0.07)\u00bb global_colors_info=\u00bb{}\u00bb][et_pb_blurb title=\u00bbJos\u00e9 Miguel Alonso \u00cd\u00f1igo\u00bb image=\u00bbhttps:\/\/campusvygon.com\/vyhemdays\/wp-content\/uploads\/sites\/8\/2024\/09\/JOSE-MIGUEL-ALONSO.jpg\u00bb alt=\u00bbMyriam Mart\u00edn de la Cruz\u00bb image_icon_width=\u00bb70%\u00bb _builder_version=\u00bb4.27.4&#8243; _module_preset=\u00bbdefault\u00bb header_font=\u00bb||||||||\u00bb header_text_align=\u00bbcenter\u00bb header_font_size=\u00bb16px\u00bb header_line_height=\u00bb1.4em\u00bb body_font=\u00bb|&#8211;et_global_body_font_weight|||||||\u00bb body_text_align=\u00bbcenter\u00bb body_font_size=\u00bb12px\u00bb body_line_height=\u00bb1.4em\u00bb text_orientation=\u00bbcenter\u00bb custom_padding=\u00bb25px|15px|25px|15px|true|true\u00bb border_color_all=\u00bbgcid-0f60cc1c-6870-4ee8-9c3f-96e2f1929646&#8243; border_radii_image=\u00bbon|50000000px|50000000px|50000000px|50000000px\u00bb locked=\u00bboff\u00bb global_colors_info=\u00bb{%22gcid-0f60cc1c-6870-4ee8-9c3f-96e2f1929646%22:%91%22border_color_all%22%93}\u00bb]<\/p>\n<p>Sp\u00e9cialiste en anesth\u00e9siologie, r\u00e9animation et traitement de la douleur \u00e0 l&#8217;h\u00f4pital universitaire et polytechnique de la Fe (Valence), avec une exp\u00e9rience nationale et internationale. Passionn\u00e9 par la surveillance h\u00e9modynamique et la VNI.<\/p>\n<p>[\/et_pb_blurb][\/et_pb_column][et_pb_column type=\u00bb1_4&#8243; _builder_version=\u00bb4.25.1&#8243; _module_preset=\u00bbdefault\u00bb custom_padding=\u00bb20px|10px|20px|10px|true|true\u00bb border_width_all=\u00bb1px\u00bb border_color_all=\u00bbrgba(0,0,0,0.07)\u00bb global_colors_info=\u00bb{}\u00bb][et_pb_blurb title=\u00bbFrancisco Escrib\u00e1\u00bb image=\u00bbhttps:\/\/campusvygon.com\/vyhemdays\/wp-content\/uploads\/sites\/8\/2024\/09\/PACO-ESCRIBA.jpg\u00bb alt=\u00bbMyriam Mart\u00edn de la Cruz\u00bb image_icon_width=\u00bb70%\u00bb _builder_version=\u00bb4.27.4&#8243; _module_preset=\u00bbdefault\u00bb header_font=\u00bb||||||||\u00bb header_text_align=\u00bbcenter\u00bb header_font_size=\u00bb16px\u00bb header_line_height=\u00bb1.4em\u00bb body_font=\u00bb|&#8211;et_global_body_font_weight|||||||\u00bb body_text_align=\u00bbcenter\u00bb body_font_size=\u00bb12px\u00bb body_line_height=\u00bb1.4em\u00bb text_orientation=\u00bbcenter\u00bb custom_padding=\u00bb25px|15px|25px|15px|true|true\u00bb border_color_all=\u00bbgcid-0f60cc1c-6870-4ee8-9c3f-96e2f1929646&#8243; border_radii_image=\u00bbon|50000000px|50000000px|50000000px|50000000px\u00bb locked=\u00bboff\u00bb global_colors_info=\u00bb{%22gcid-0f60cc1c-6870-4ee8-9c3f-96e2f1929646%22:%91%22border_color_all%22%93}\u00bb]<\/p>\n<p>Sp\u00e9cialiste en anesth\u00e9siologie \u00e0 l&#8217;h\u00f4pital universitaire et polytechnique de la Fe (Valence), membre de la section p\u00e9diatrique de SEDAR, instructeur europ\u00e9en accr\u00e9dit\u00e9 EAMS et membre du comit\u00e9 CVAD de l&#8217;h\u00f4pital de la Fe.<\/p>\n<p>[\/et_pb_blurb][\/et_pb_column][et_pb_column type=\u00bb1_4&#8243; _builder_version=\u00bb4.25.1&#8243; _module_preset=\u00bbdefault\u00bb custom_padding=\u00bb20px|10px|20px|10px|true|true\u00bb border_width_all=\u00bb1px\u00bb border_color_all=\u00bbrgba(0,0,0,0.07)\u00bb global_colors_info=\u00bb{}\u00bb][et_pb_blurb title=\u00bbFrancisco Cota\u00bb image=\u00bbhttps:\/\/campusvygon.com\/vyhemdays\/wp-content\/uploads\/sites\/8\/2024\/10\/FRANCISCO-COTA.jpg\u00bb alt=\u00bbMyriam Mart\u00edn de la Cruz\u00bb image_icon_width=\u00bb70%\u00bb _builder_version=\u00bb4.27.4&#8243; _module_preset=\u00bbdefault\u00bb header_font=\u00bb||||||||\u00bb header_text_align=\u00bbcenter\u00bb header_font_size=\u00bb16px\u00bb header_line_height=\u00bb1.4em\u00bb body_font=\u00bb|&#8211;et_global_body_font_weight|||||||\u00bb body_text_align=\u00bbcenter\u00bb body_font_size=\u00bb12px\u00bb body_line_height=\u00bb1.4em\u00bb text_orientation=\u00bbcenter\u00bb custom_padding=\u00bb25px|15px|25px|15px|true|true\u00bb border_color_all=\u00bbgcid-0f60cc1c-6870-4ee8-9c3f-96e2f1929646&#8243; border_radii_image=\u00bbon|50000000px|50000000px|50000000px|50000000px\u00bb locked=\u00bboff\u00bb global_colors_info=\u00bb{%22gcid-0f60cc1c-6870-4ee8-9c3f-96e2f1929646%22:%91%22border_color_all%22%93}\u00bb]<\/p>\n<p>M\u00e9decin en soins intensifs \u00e0 l&#8217;h\u00f4pital de la L\u00ednea de la Concepci\u00f3n (Cadix). Coordinateur du groupe de travail sur l&#8217;h\u00e9modynamique de SAMIUC. Expert en purification du sang et en h\u00e9modynamique.<\/p>\n<p>[\/et_pb_blurb][\/et_pb_column][et_pb_column type=\u00bb1_4&#8243; _builder_version=\u00bb4.25.1&#8243; _module_preset=\u00bbdefault\u00bb custom_padding=\u00bb20px|10px|20px|10px|true|true\u00bb border_width_all=\u00bb1px\u00bb border_color_all=\u00bbrgba(0,0,0,0.07)\u00bb global_colors_info=\u00bb{}\u00bb][et_pb_blurb title=\u00bbGerm\u00e1n G\u00f3mez\u00bb image=\u00bbhttps:\/\/campusvygon.com\/vyhemdays\/wp-content\/uploads\/sites\/8\/2024\/09\/GERMAN-GOMEZ-1.jpg\u00bb alt=\u00bbMyriam Mart\u00edn de la Cruz\u00bb image_icon_width=\u00bb70%\u00bb _builder_version=\u00bb4.27.4&#8243; _module_preset=\u00bbdefault\u00bb header_font=\u00bb||||||||\u00bb header_text_align=\u00bbcenter\u00bb header_font_size=\u00bb16px\u00bb header_line_height=\u00bb1.4em\u00bb body_font=\u00bb|&#8211;et_global_body_font_weight|||||||\u00bb body_text_align=\u00bbcenter\u00bb body_font_size=\u00bb12px\u00bb body_line_height=\u00bb1.4em\u00bb text_orientation=\u00bbcenter\u00bb custom_padding=\u00bb25px|15px|25px|15px|true|true\u00bb border_color_all=\u00bbgcid-0f60cc1c-6870-4ee8-9c3f-96e2f1929646&#8243; border_radii_image=\u00bbon|50000000px|50000000px|50000000px|50000000px\u00bb locked=\u00bboff\u00bb global_colors_info=\u00bb{%22gcid-0f60cc1c-6870-4ee8-9c3f-96e2f1929646%22:%91%22border_color_all%22%93}\u00bb]<\/p>\n<p>M\u00e9decin assistant en anesth\u00e9siologie et r\u00e9animation \u00e0 l&#8217;h\u00f4pital Son Espases (Majorque).<\/p>\n<p>[\/et_pb_blurb][\/et_pb_column][\/et_pb_row][et_pb_row disabled_on=\u00bboff|off|off\u00bb _builder_version=\u00bb4.27.3&#8243; _module_preset=\u00bbdefault\u00bb background_color=\u00bbgcid-d6f6cc4c-89fb-4b08-a382-c7d2f5838e03&#8243; width=\u00bb90%\u00bb custom_margin=\u00bb37px|auto|37px|auto|true|\u00bb custom_padding=\u00bb0px||0px|||\u00bb locked=\u00bboff\u00bb global_colors_info=\u00bb{%22gcid-d6f6cc4c-89fb-4b08-a382-c7d2f5838e03%22:%91%22background_color%22%93}\u00bb][et_pb_column type=\u00bb4_4&#8243; _builder_version=\u00bb4.21.0&#8243; _module_preset=\u00bbdefault\u00bb global_colors_info=\u00bb{}\u00bb][et_pb_text _builder_version=\u00bb4.27.4&#8243; _module_preset=\u00bbdefault\u00bb text_font=\u00bb||||||||\u00bb text_line_height=\u00bb1.8em\u00bb header_font=\u00bb||||||||\u00bb header_3_font=\u00bb||||||||\u00bb header_4_font=\u00bb||||||||\u00bb header_5_font=\u00bb||||||||\u00bb header_5_text_color=\u00bb#FFFFFF\u00bb header_5_font_size=\u00bb20px\u00bb header_5_line_height=\u00bb1.4em\u00bb header_6_font=\u00bb||||||||\u00bb custom_margin=\u00bb||||false|false\u00bb custom_padding=\u00bb15px||||false|false\u00bb locked=\u00bboff\u00bb global_colors_info=\u00bb{}\u00bb]<\/p>\n<h5 style=\"text-align: center\">Intervenants<\/h5>\n<p>[\/et_pb_text][\/et_pb_column][\/et_pb_row][et_pb_row column_structure=\u00bb1_3,1_3,1_3&#8243; use_custom_gutter=\u00bbon\u00bb gutter_width=\u00bb2&#8243; make_equal=\u00bbon\u00bb _builder_version=\u00bb4.27.0&#8243; _module_preset=\u00bbdefault\u00bb width=\u00bb90%\u00bb custom_padding=\u00bb44px|||||\u00bb global_colors_info=\u00bb{}\u00bb][et_pb_column type=\u00bb1_3&#8243; _builder_version=\u00bb4.21.0&#8243; _module_preset=\u00bbdefault\u00bb custom_padding=\u00bb20px|10px|20px|10px|true|true\u00bb border_width_all=\u00bb1px\u00bb border_color_all=\u00bbrgba(0,0,0,0.07)\u00bb global_colors_info=\u00bb{}\u00bb][et_pb_blurb title=\u00bbFr\u00e9d\u00e9ric Michard\u00bb image=\u00bbhttps:\/\/campusvygon.com\/vyhemdays\/wp-content\/uploads\/sites\/8\/2024\/11\/michard-en-color.jpg\u00bb alt=\u00bbMyriam Mart\u00edn de la Cruz\u00bb image_icon_width=\u00bb70%\u00bb _builder_version=\u00bb4.27.4&#8243; _module_preset=\u00bbdefault\u00bb header_font=\u00bb||||||||\u00bb header_text_align=\u00bbcenter\u00bb header_font_size=\u00bb16px\u00bb header_line_height=\u00bb1.4em\u00bb body_font=\u00bb|&#8211;et_global_body_font_weight|||||||\u00bb body_text_align=\u00bbcenter\u00bb body_font_size=\u00bb12px\u00bb body_line_height=\u00bb1.4em\u00bb text_orientation=\u00bbcenter\u00bb custom_padding=\u00bb25px|15px|25px|15px|true|true\u00bb border_color_all=\u00bbgcid-0f60cc1c-6870-4ee8-9c3f-96e2f1929646&#8243; border_radii_image=\u00bbon|50000000px|50000000px|50000000px|50000000px\u00bb locked=\u00bboff\u00bb global_colors_info=\u00bb{%22gcid-0f60cc1c-6870-4ee8-9c3f-96e2f1929646%22:%91%22border_color_all%22%93}\u00bb]<\/p>\n<p><em>Suisse<\/em><\/p>\n<p>Docteur en m\u00e9decine, sp\u00e9cialis\u00e9 en soins intensifs, il fait partie des 1 % de scientifiques les plus cit\u00e9s au monde. Pionnier dans le d\u00e9veloppement d&#8217;interfaces graphiques pour le monitorage h\u00e9modynamique.<\/p>\n<p>[\/et_pb_blurb][\/et_pb_column][et_pb_column type=\u00bb1_3&#8243; _builder_version=\u00bb4.21.0&#8243; _module_preset=\u00bbdefault\u00bb custom_padding=\u00bb20px|10px|20px|10px|true|true\u00bb border_width_all=\u00bb1px\u00bb border_color_all=\u00bbrgba(0,0,0,0.07)\u00bb global_colors_info=\u00bb{}\u00bb][et_pb_blurb title=\u00bbSergi Tormo\u00bb image=\u00bbhttps:\/\/campusvygon.com\/vyhemdays\/wp-content\/uploads\/sites\/8\/2024\/09\/SERGI-TORMO.jpg\u00bb alt=\u00bbMyriam Mart\u00edn de la Cruz\u00bb image_icon_width=\u00bb70%\u00bb _builder_version=\u00bb4.27.4&#8243; _module_preset=\u00bbdefault\u00bb header_font=\u00bb||||||||\u00bb header_text_align=\u00bbcenter\u00bb header_font_size=\u00bb16px\u00bb header_line_height=\u00bb1.4em\u00bb body_font=\u00bb|&#8211;et_global_body_font_weight|||||||\u00bb body_text_align=\u00bbcenter\u00bb body_font_size=\u00bb12px\u00bb body_line_height=\u00bb1.4em\u00bb text_orientation=\u00bbcenter\u00bb custom_padding=\u00bb25px|15px|25px|15px|true|true\u00bb border_color_all=\u00bbgcid-0f60cc1c-6870-4ee8-9c3f-96e2f1929646&#8243; border_radii_image=\u00bbon|50000000px|50000000px|50000000px|50000000px\u00bb locked=\u00bboff\u00bb global_colors_info=\u00bb{%22gcid-0f60cc1c-6870-4ee8-9c3f-96e2f1929646%22:%91%22border_color_all%22%93}\u00bb]<\/p>\n<p><em>Espagne<\/em><\/p>\n<p>Sp\u00e9cialiste en m\u00e9decine intensive \u00e0 l&#8217;h\u00f4pital universitaire et polytechnique de la Fe (Valence), passionn\u00e9 par la surveillance h\u00e9modynamique avanc\u00e9e et la gestion h\u00e9modynamique du patient critique.<\/p>\n<p>[\/et_pb_blurb][\/et_pb_column][et_pb_column type=\u00bb1_3&#8243; _builder_version=\u00bb4.21.0&#8243; _module_preset=\u00bbdefault\u00bb custom_padding=\u00bb20px|10px|20px|10px|true|true\u00bb border_width_all=\u00bb1px\u00bb border_color_all=\u00bbrgba(0,0,0,0.07)\u00bb global_colors_info=\u00bb{}\u00bb][et_pb_blurb title=\u00bbMario Salvatore Romano\u00bb image=\u00bbhttps:\/\/campusvygon.com\/vyhemdays\/wp-content\/uploads\/sites\/8\/2024\/09\/MARIO-ROMANO.jpg\u00bb alt=\u00bbMyriam Mart\u00edn de la Cruz\u00bb image_icon_width=\u00bb70%\u00bb _builder_version=\u00bb4.27.4&#8243; _module_preset=\u00bbdefault\u00bb header_font=\u00bb||||||||\u00bb header_text_align=\u00bbcenter\u00bb header_font_size=\u00bb16px\u00bb header_line_height=\u00bb1.4em\u00bb body_font=\u00bb|&#8211;et_global_body_font_weight|||||||\u00bb body_text_align=\u00bbcenter\u00bb body_font_size=\u00bb12px\u00bb body_line_height=\u00bb1.4em\u00bb text_orientation=\u00bbcenter\u00bb custom_padding=\u00bb25px|15px|25px|15px|true|true\u00bb border_color_all=\u00bbgcid-0f60cc1c-6870-4ee8-9c3f-96e2f1929646&#8243; border_radii_image=\u00bbon|50000000px|50000000px|50000000px|50000000px\u00bb locked=\u00bboff\u00bb global_colors_info=\u00bb{%22gcid-0f60cc1c-6870-4ee8-9c3f-96e2f1929646%22:%91%22border_color_all%22%93}\u00bb]<\/p>\n<p><em>Italie<\/em><\/p>\n<p>Docteur en physiopathologie appliqu\u00e9e et inventeur de la m\u00e9thode PRAM.<\/p>\n<p>[\/et_pb_blurb][\/et_pb_column][\/et_pb_row][et_pb_row column_structure=\u00bb1_3,1_3,1_3&#8243; use_custom_gutter=\u00bbon\u00bb gutter_width=\u00bb2&#8243; make_equal=\u00bbon\u00bb _builder_version=\u00bb4.27.0&#8243; _module_preset=\u00bbdefault\u00bb width=\u00bb90%\u00bb custom_padding=\u00bb44px|||||\u00bb global_colors_info=\u00bb{}\u00bb][et_pb_column type=\u00bb1_3&#8243; _builder_version=\u00bb4.21.0&#8243; _module_preset=\u00bbdefault\u00bb custom_padding=\u00bb20px|10px|20px|10px|true|true\u00bb border_width_all=\u00bb1px\u00bb border_color_all=\u00bbrgba(0,0,0,0.07)\u00bb global_colors_info=\u00bb{}\u00bb][et_pb_blurb title=\u00bbAdrian Wong\u00bb image=\u00bbhttps:\/\/campusvygon.com\/vyhemdays\/wp-content\/uploads\/sites\/8\/2024\/09\/ADRIAN-WONG.jpg\u00bb alt=\u00bbMyriam Mart\u00edn de la Cruz\u00bb image_icon_width=\u00bb70%\u00bb _builder_version=\u00bb4.27.4&#8243; _module_preset=\u00bbdefault\u00bb header_font=\u00bb||||||||\u00bb header_text_align=\u00bbcenter\u00bb header_font_size=\u00bb16px\u00bb header_line_height=\u00bb1.4em\u00bb body_font=\u00bb|&#8211;et_global_body_font_weight|||||||\u00bb body_text_align=\u00bbcenter\u00bb body_font_size=\u00bb12px\u00bb body_line_height=\u00bb1.4em\u00bb text_orientation=\u00bbcenter\u00bb custom_padding=\u00bb25px|15px|25px|15px|true|true\u00bb border_color_all=\u00bbgcid-0f60cc1c-6870-4ee8-9c3f-96e2f1929646&#8243; border_radii_image=\u00bbon|50000000px|50000000px|50000000px|50000000px\u00bb locked=\u00bboff\u00bb global_colors_info=\u00bb{%22gcid-0f60cc1c-6870-4ee8-9c3f-96e2f1929646%22:%91%22border_color_all%22%93}\u00bb]<\/p>\n<p><em>Royaume-Uni<\/em><\/p>\n<p>Docteur en m\u00e9decine, sp\u00e9cialis\u00e9 dans les soins intensifs, il est consultant et chef de clinique au King&#8217;s College Hospital (Londres). Il est passionn\u00e9 par l&#8217;utilisation des ultrasons pour guider la th\u00e9rapie liquidienne, en se concentrant sur la congestion veineuse et la perfusion des organes.<\/p>\n<p>&nbsp;<\/p>\n<p>[\/et_pb_blurb][\/et_pb_column][et_pb_column type=\u00bb1_3&#8243; _builder_version=\u00bb4.21.0&#8243; _module_preset=\u00bbdefault\u00bb custom_padding=\u00bb20px|10px|20px|10px|true|true\u00bb border_width_all=\u00bb1px\u00bb border_color_all=\u00bbrgba(0,0,0,0.07)\u00bb global_colors_info=\u00bb{}\u00bb][et_pb_blurb title=\u00bbF\u00e9lix Lobato\u00bb image=\u00bbhttps:\/\/campusvygon.com\/vyhemdays\/wp-content\/uploads\/sites\/8\/2024\/10\/FELIX-LOBATO.jpg\u00bb alt=\u00bbMyriam Mart\u00edn de la Cruz\u00bb image_icon_width=\u00bb70%\u00bb _builder_version=\u00bb4.27.4&#8243; _module_preset=\u00bbdefault\u00bb header_font=\u00bb||||||||\u00bb header_text_align=\u00bbcenter\u00bb header_font_size=\u00bb16px\u00bb header_line_height=\u00bb1.4em\u00bb body_font=\u00bb|&#8211;et_global_body_font_weight|||||||\u00bb body_text_align=\u00bbcenter\u00bb body_font_size=\u00bb12px\u00bb body_line_height=\u00bb1.4em\u00bb text_orientation=\u00bbcenter\u00bb custom_padding=\u00bb25px|15px|25px|15px|true|true\u00bb border_color_all=\u00bbgcid-0f60cc1c-6870-4ee8-9c3f-96e2f1929646&#8243; border_radii_image=\u00bbon|50000000px|50000000px|50000000px|50000000px\u00bb locked=\u00bboff\u00bb global_colors_info=\u00bb{%22gcid-0f60cc1c-6870-4ee8-9c3f-96e2f1929646%22:%91%22border_color_all%22%93}\u00bb]<\/p>\n<p><em>Espagne<\/em><\/p>\n<p>Sp\u00e9cialiste en anesth\u00e9siologie et r\u00e9animation \u00e0 l&#8217;h\u00f4pital San Pedro, Logro\u00f1o (La Rioja).<\/p>\n<p>[\/et_pb_blurb][\/et_pb_column][et_pb_column type=\u00bb1_3&#8243; _builder_version=\u00bb4.21.0&#8243; _module_preset=\u00bbdefault\u00bb custom_padding=\u00bb20px|10px|20px|10px|true|true\u00bb border_width_all=\u00bb1px\u00bb border_color_all=\u00bbrgba(0,0,0,0.07)\u00bb global_colors_info=\u00bb{}\u00bb][et_pb_blurb title=\u00bbStefano Romagnoli\u00bb image=\u00bbhttps:\/\/campusvygon.com\/vyhemdays\/wp-content\/uploads\/sites\/8\/2024\/11\/romagnoli.png\u00bb alt=\u00bbMyriam Mart\u00edn de la Cruz\u00bb image_icon_width=\u00bb70%\u00bb disabled_on=\u00bboff|off|off\u00bb _builder_version=\u00bb4.27.4&#8243; _module_preset=\u00bbdefault\u00bb header_font=\u00bb||||||||\u00bb header_text_align=\u00bbcenter\u00bb header_font_size=\u00bb16px\u00bb header_line_height=\u00bb1.4em\u00bb body_font=\u00bb|&#8211;et_global_body_font_weight|||||||\u00bb body_text_align=\u00bbcenter\u00bb body_font_size=\u00bb12px\u00bb body_line_height=\u00bb1.4em\u00bb text_orientation=\u00bbcenter\u00bb custom_padding=\u00bb25px|15px|25px|15px|true|true\u00bb border_color_all=\u00bbgcid-0f60cc1c-6870-4ee8-9c3f-96e2f1929646&#8243; border_radii_image=\u00bbon|50000000px|50000000px|50000000px|50000000px\u00bb locked=\u00bboff\u00bb global_colors_info=\u00bb{%22gcid-0f60cc1c-6870-4ee8-9c3f-96e2f1929646%22:%91%22border_color_all%22%93}\u00bb]<\/p>\n<p><em>Italie<\/em><\/p>\n<p>Expert en monitorage h\u00e9modynamique.<\/p>\n<p>[\/et_pb_blurb][\/et_pb_column][\/et_pb_row][et_pb_row column_structure=\u00bb1_3,1_3,1_3&#8243; use_custom_gutter=\u00bbon\u00bb gutter_width=\u00bb2&#8243; make_equal=\u00bbon\u00bb disabled_on=\u00bboff|off|off\u00bb _builder_version=\u00bb4.27.3&#8243; _module_preset=\u00bbdefault\u00bb width=\u00bb90%\u00bb custom_padding=\u00bb44px|||||\u00bb global_colors_info=\u00bb{}\u00bb][et_pb_column type=\u00bb1_3&#8243; _builder_version=\u00bb4.21.0&#8243; _module_preset=\u00bbdefault\u00bb custom_padding=\u00bb20px|10px|20px|10px|true|true\u00bb border_width_all=\u00bb1px\u00bb border_color_all=\u00bbrgba(0,0,0,0.07)\u00bb global_colors_info=\u00bb{}\u00bb][et_pb_blurb title=\u00bb\u00c1ngel Ruiz\u00bb image=\u00bbhttps:\/\/campusvygon.com\/vyhemdays\/wp-content\/uploads\/sites\/8\/2024\/10\/ANGEL-RUIZ.jpg\u00bb alt=\u00bbMyriam Mart\u00edn de la Cruz\u00bb image_icon_width=\u00bb70%\u00bb _builder_version=\u00bb4.27.4&#8243; _module_preset=\u00bbdefault\u00bb header_font=\u00bb||||||||\u00bb header_text_align=\u00bbcenter\u00bb header_font_size=\u00bb16px\u00bb header_line_height=\u00bb1.4em\u00bb body_font=\u00bb|&#8211;et_global_body_font_weight|||||||\u00bb body_text_align=\u00bbcenter\u00bb body_font_size=\u00bb12px\u00bb body_line_height=\u00bb1.4em\u00bb text_orientation=\u00bbcenter\u00bb custom_padding=\u00bb25px|15px|25px|15px|true|true\u00bb border_color_all=\u00bbgcid-0f60cc1c-6870-4ee8-9c3f-96e2f1929646&#8243; border_radii_image=\u00bbon|50000000px|50000000px|50000000px|50000000px\u00bb locked=\u00bboff\u00bb global_colors_info=\u00bb{%22gcid-0f60cc1c-6870-4ee8-9c3f-96e2f1929646%22:%91%22border_color_all%22%93}\u00bb]<\/p>\n<p><em>Espagne<\/em><\/p>\n<p>Infirmi\u00e8re \u00e0 l&#8217;unit\u00e9 de soins intensifs de l&#8217;h\u00f4pital universitaire Virgen de la Victoria (Malaga).<\/p>\n<p>[\/et_pb_blurb][\/et_pb_column][et_pb_column type=\u00bb1_3&#8243; _builder_version=\u00bb4.21.0&#8243; _module_preset=\u00bbdefault\u00bb custom_padding=\u00bb20px|10px|20px|10px|true|true\u00bb border_width_all=\u00bb1px\u00bb border_color_all=\u00bbrgba(0,0,0,0.07)\u00bb global_colors_info=\u00bb{}\u00bb][et_pb_blurb title=\u00bbLuis Gajate\u00bb image=\u00bbhttps:\/\/campusvygon.com\/vyhemdays\/wp-content\/uploads\/sites\/8\/2024\/11\/GAJATE.jpg\u00bb alt=\u00bbMyriam Mart\u00edn de la Cruz\u00bb image_icon_width=\u00bb70%\u00bb disabled_on=\u00bboff|off|off\u00bb _builder_version=\u00bb4.27.4&#8243; _module_preset=\u00bbdefault\u00bb header_font=\u00bb||||||||\u00bb header_text_align=\u00bbcenter\u00bb header_font_size=\u00bb16px\u00bb header_line_height=\u00bb1.4em\u00bb body_font=\u00bb|&#8211;et_global_body_font_weight|||||||\u00bb body_text_align=\u00bbcenter\u00bb body_font_size=\u00bb12px\u00bb body_line_height=\u00bb1.4em\u00bb text_orientation=\u00bbcenter\u00bb custom_padding=\u00bb25px|15px|25px|15px|true|true\u00bb border_color_all=\u00bbgcid-0f60cc1c-6870-4ee8-9c3f-96e2f1929646&#8243; border_radii_image=\u00bbon|50000000px|50000000px|50000000px|50000000px\u00bb locked=\u00bboff\u00bb global_colors_info=\u00bb{%22gcid-0f60cc1c-6870-4ee8-9c3f-96e2f1929646%22:%91%22border_color_all%22%93}\u00bb]<\/p>\n<p><em>Espagne<\/em><\/p>\n<p>Anesth\u00e9siste \u00e0 l&#8217;h\u00f4pital universitaire Ram\u00f3n y Cajal (Madrid).<\/p>\n<p>[\/et_pb_blurb][\/et_pb_column][et_pb_column type=\u00bb1_3&#8243; _builder_version=\u00bb4.21.0&#8243; _module_preset=\u00bbdefault\u00bb custom_padding=\u00bb20px|10px|20px|10px|true|true\u00bb border_width_all=\u00bb1px\u00bb border_color_all=\u00bbrgba(0,0,0,0.07)\u00bb global_colors_info=\u00bb{}\u00bb][et_pb_blurb title=\u00bbPierre Gregoire Guinot\u00bb image=\u00bbhttps:\/\/campusvygon.com\/vyhemdays\/wp-content\/uploads\/sites\/8\/2025\/01\/PIERRE-GUINOT.jpg\u00bb alt=\u00bbPIERRE GUINOT\u00bb image_icon_width=\u00bb70%\u00bb disabled_on=\u00bboff|off|off\u00bb _builder_version=\u00bb4.27.4&#8243; _module_preset=\u00bbdefault\u00bb header_font=\u00bb||||||||\u00bb header_text_align=\u00bbcenter\u00bb header_font_size=\u00bb16px\u00bb header_line_height=\u00bb1.4em\u00bb body_font=\u00bb|&#8211;et_global_body_font_weight|||||||\u00bb body_text_align=\u00bbcenter\u00bb body_font_size=\u00bb12px\u00bb body_line_height=\u00bb1.4em\u00bb text_orientation=\u00bbcenter\u00bb custom_padding=\u00bb25px|15px|25px|15px|true|true\u00bb border_color_all=\u00bbgcid-0f60cc1c-6870-4ee8-9c3f-96e2f1929646&#8243; border_radii_image=\u00bbon|50000000px|50000000px|50000000px|50000000px\u00bb locked=\u00bboff\u00bb global_colors_info=\u00bb{%22gcid-0f60cc1c-6870-4ee8-9c3f-96e2f1929646%22:%91%22border_color_all%22%93}\u00bb]<\/p>\n<p><em>France<\/em><\/p>\n<p>Professeur d&#8217;anesth\u00e9sie et de soins intensifs \u00e0 l&#8217;h\u00f4pital universitaire de Dijon, France. Ses recherches portent sur l&#8217;h\u00e9modynamique cardiovasculaire, la vasopl\u00e9gie, l&#8217;ECMO, l&#8217;inflammation et la translocation bact\u00e9rienne.<\/p>\n<p>[\/et_pb_blurb][\/et_pb_column][\/et_pb_row][\/et_pb_section][et_pb_section fb_built=\u00bb1&#8243; disabled_on=\u00bboff|off|off\u00bb admin_label=\u00bbSection\u00bb _builder_version=\u00bb4.27.0&#8243; _module_preset=\u00bbdefault\u00bb background_color=\u00bbgcid-88ba9f53-0f06-4146-8d8e-e0c83af655fc\u00bb da_disable_devices=\u00bboff|off|off\u00bb collapsed=\u00bboff\u00bb global_colors_info=\u00bb{%22gcid-88ba9f53-0f06-4146-8d8e-e0c83af655fc%22:%91%22background_color%22%93}\u00bb da_is_popup=\u00bboff\u00bb da_exit_intent=\u00bboff\u00bb da_has_close=\u00bbon\u00bb da_alt_close=\u00bboff\u00bb da_dark_close=\u00bboff\u00bb da_not_modal=\u00bbon\u00bb da_is_singular=\u00bboff\u00bb da_with_loader=\u00bboff\u00bb da_has_shadow=\u00bbon\u00bb][et_pb_row _builder_version=\u00bb4.27.0&#8243; _module_preset=\u00bbdefault\u00bb width=\u00bb90%\u00bb global_colors_info=\u00bb{}\u00bb][et_pb_column type=\u00bb4_4&#8243; _builder_version=\u00bb4.21.0&#8243; _module_preset=\u00bbdefault\u00bb global_colors_info=\u00bb{}\u00bb][ba_info_box main_figure=\u00bbicon\u00bb icon=\u00bb&#x76;||divi||400&#8243; title=\u00bbPlus d&#8217;informations prochainement\u00bb body_content=\u00bb<\/p>\n<p>Ne manquez pas cet \u00e9v\u00e9nement unique. Prenez la vague VYHEMDAYS, notre premi\u00e8re journ\u00e9e du monitorage h\u00e9modynamique.<\/p>\n<p>\u00bb use_button=\u00bbon\u00bb button_text=\u00bbS&#8217;inscrire \u00e0 VYHEMDAYS\u00bb button_link=\u00bb#registro\u00bb icon_color=\u00bb#FFFFFF\u00bb icon_size=\u00bb39px\u00bb btn_spacing_top=\u00bb21px\u00bb _builder_version=\u00bb4.27.4&#8243; _module_preset=\u00bbdefault\u00bb title_font=\u00bb|&#8211;et_global_body_font_weight|||||||\u00bb title_text_color=\u00bb#FFFFFF\u00bb title_font_size=\u00bb50px\u00bb title_line_height=\u00bb1.7em\u00bb body_font=\u00bb|&#8211;et_global_body_font_weight|||||||\u00bb body_text_color=\u00bb#FFFFFF\u00bb body_font_size=\u00bb18px\u00bb header_text_color=\u00bb#FFFFFF\u00bb custom_button=\u00bbon\u00bb button_text_size=\u00bb20px\u00bb button_text_color=\u00bbgcid-88ba9f53-0f06-4146-8d8e-e0c83af655fc\u00bb button_bg_color=\u00bb#FFFFFF\u00bb button_border_radius=\u00bb90px\u00bb button_font=\u00bb||||||||\u00bb button_custom_margin=\u00bb16px||||false|false\u00bb button_custom_padding=\u00bb10px|37px|10px|37px|true|true\u00bb global_colors_info=\u00bb{%22gcid-88ba9f53-0f06-4146-8d8e-e0c83af655fc%22:%91%22button_text_color%22,%22button_text_color__hover%22%93}\u00bb button_text_color__hover_enabled=\u00bbon|hover\u00bb button_text_color__hover=\u00bb#004431&#8243; button_bg_color__hover_enabled=\u00bbon|desktop\u00bb button_bg_color__hover=\u00bb#FFFFFF\u00bb button_bg_enable_color__hover=\u00bbon\u00bb][\/ba_info_box][\/et_pb_column][\/et_pb_row][\/et_pb_section][et_pb_section fb_built=\u00bb1&#8243; custom_padding_last_edited=\u00bbon|tablet\u00bb disabled_on=\u00bboff|off|off\u00bb admin_label=\u00bbSection\u00bb module_id=\u00bbpreguntas\u00bb _builder_version=\u00bb4.27.0&#8243; _module_preset=\u00bbdefault\u00bb custom_padding=\u00bb150px||150px||true|\u00bb custom_padding_tablet=\u00bb50px||50px||true|false\u00bb custom_padding_phone=\u00bb50px||50px||true|false\u00bb da_popup_slug=\u00bbpreguntas\u00bb da_disable_devices=\u00bboff|off|off\u00bb collapsed=\u00bboff\u00bb global_colors_info=\u00bb{}\u00bb da_is_popup=\u00bboff\u00bb da_exit_intent=\u00bboff\u00bb da_has_close=\u00bbon\u00bb da_alt_close=\u00bboff\u00bb da_dark_close=\u00bboff\u00bb da_not_modal=\u00bbon\u00bb da_is_singular=\u00bboff\u00bb da_with_loader=\u00bboff\u00bb da_has_shadow=\u00bbon\u00bb][et_pb_row _builder_version=\u00bb4.25.1&#8243; _module_preset=\u00bbdefault\u00bb width=\u00bb90%\u00bb locked=\u00bboff\u00bb global_colors_info=\u00bb{}\u00bb][et_pb_column type=\u00bb4_4&#8243; _builder_version=\u00bb4.25.1&#8243; _module_preset=\u00bbdefault\u00bb global_colors_info=\u00bb{}\u00bb][et_pb_text _builder_version=\u00bb4.27.4&#8243; _module_preset=\u00bbdefault\u00bb header_font=\u00bb|800||on|||||\u00bb header_text_align=\u00bbcenter\u00bb header_font_size=\u00bb40px\u00bb header_2_font=\u00bb|&#8211;et_global_heading_font_weight|||||||\u00bb header_2_text_align=\u00bbcenter\u00bb header_2_text_color=\u00bbgcid-heading-color\u00bb header_2_font_size=\u00bb60px\u00bb header_2_line_height=\u00bb1.4em\u00bb header_4_font=\u00bb|800||on|||||\u00bb header_4_text_align=\u00bbcenter\u00bb header_4_text_color=\u00bbgcid-d6f6cc4c-89fb-4b08-a382-c7d2f5838e03&#8243; header_4_font_size=\u00bb40px\u00bb header_4_line_height=\u00bb1.7em\u00bb custom_margin=\u00bb||22px|||\u00bb global_colors_info=\u00bb{%22gcid-d6f6cc4c-89fb-4b08-a382-c7d2f5838e03%22:%91%22header_4_text_color%22,%22header_4_text_color%22%93,%22gcid-heading-color%22:%91%22header_2_text_color%22%93}\u00bb]<\/p>\n<h2>Avez-vous des questions ?<\/h2>\n<p>[\/et_pb_text][et_pb_divider _builder_version=\u00bb4.25.1&#8243; _module_preset=\u00bbdefault\u00bb width=\u00bb10%\u00bb module_alignment=\u00bbcenter\u00bb global_colors_info=\u00bb{}\u00bb][\/et_pb_divider][\/et_pb_column][\/et_pb_row][et_pb_row column_structure=\u00bb1_2,1_2&#8243; disabled_on=\u00bboff|off|off\u00bb _builder_version=\u00bb4.27.0&#8243; _module_preset=\u00bbdefault\u00bb width=\u00bb90%\u00bb global_colors_info=\u00bb{}\u00bb][et_pb_column type=\u00bb1_2&#8243; _builder_version=\u00bb4.21.0&#8243; _module_preset=\u00bbdefault\u00bb global_colors_info=\u00bb{}\u00bb][et_pb_accordion closed_toggle_background_color=\u00bb#f2f2f2&#8243; icon_color=\u00bb#004431&#8243; disabled_on=\u00bboff|off|off\u00bb _builder_version=\u00bb4.27.4&#8243; _module_preset=\u00bbdefault\u00bb toggle_font_size=\u00bb18px\u00bb body_font=\u00bb|300|||||||\u00bb border_radii=\u00bbon|5px|5px|5px|5px\u00bb border_color_all=\u00bb#f2f2f2&#8243; global_colors_info=\u00bb{%22gcid-0f60cc1c-6870-4ee8-9c3f-96e2f1929646%22:%91%22closed_toggle_background_color%22,%22border_color_all%22%93,%22gcid-88ba9f53-0f06-4146-8d8e-e0c83af655fc%22:%91%22icon_color%22%93}\u00bb][et_pb_accordion_item title=\u00bbQui peut assister aux VYHEMDAYS ?\u00bb open=\u00bbon\u00bb _builder_version=\u00bb4.27.4&#8243; _module_preset=\u00bbdefault\u00bb global_colors_info=\u00bb{}\u00bb]<\/p>\n<p>Vyhemdays s&#8217;adresse \u00e0 tous les professionnels de la sant\u00e9 qui souhaitent approfondir leurs connaissances en mati\u00e8re de surveillance et de gestion h\u00e9modynamique.<\/p>\n<p>[\/et_pb_accordion_item][et_pb_accordion_item title=\u00bbComment puis-je m&#8217;inscrire \u00e0 l&#8217;\u00e9v\u00e9nement ?\u00bb _builder_version=\u00bb4.27.4&#8243; _module_preset=\u00bbdefault\u00bb global_colors_info=\u00bb{}\u00bb open=\u00bboff\u00bb]<\/p>\n<p>Pour vous inscrire aux VYHEMDAYS, il vous suffit de vous rendre dans la section \u00ab Inscription \u00bb de notre site web, de choisir l&#8217;une des modalit\u00e9s disponibles et de suivre les instructions. Vous serez redirig\u00e9 vers notre <strong><a href=\"https:\/\/formacion.campusvygon.com\/\" target=\"_blank\" rel=\"noopener\" title=\"Formation sur Campus Vygon\">campus de formation<\/a><\/strong> o\u00f9 vous aurez acc\u00e8s au mat\u00e9riel et aux pr\u00e9sentations en direct \u00e0 partir du 3 mars 2025. Si vous rencontrez des difficult\u00e9s, n&#8217;h\u00e9sitez pas \u00e0 nous contacter \u00e0 l&#8217;adresse <strong><a href=\"mailto:comunicacion@vygon.com\" target=\"_blank\" rel=\"noopener\">comunicacion@vygon.com<\/a><\/strong>.<\/p>\n<p>[\/et_pb_accordion_item][et_pb_accordion_item title=\u00bbQue comprend mon inscription ?\u00bb _builder_version=\u00bb4.27.4&#8243; _module_preset=\u00bbdefault\u00bb global_colors_info=\u00bb{}\u00bb open=\u00bboff\u00bb]<\/p>\n<p>L&#8217;inscription \u00e0 VYHEMDAYS donne acc\u00e8s \u00e0 l&#8217;ensemble du contenu du pr\u00e9-congr\u00e8s, aux pr\u00e9sentations, aux d\u00e9bats, aux ateliers de simulation et au mat\u00e9riel t\u00e9l\u00e9chargeable en fonction de la modalit\u00e9 choisie.<\/p>\n<p>L&#8217;acc\u00e8s Bronze (gratuit) permet d&#8217;acc\u00e9der au contenu du pr\u00e9-congr\u00e8s et aux ateliers enregistr\u00e9s.<\/p>\n<p>Les acc\u00e8s Silver et Gold permettent d&#8217;acc\u00e9der \u00e0 l&#8217;ensemble du contenu du pr\u00e9-congr\u00e8s, aux pr\u00e9sentations, aux d\u00e9bats, aux ateliers et au mat\u00e9riel t\u00e9l\u00e9chargeable, respectivement en ligne et sur place.<\/p>\n<p>Selon la modalit\u00e9 choisie, <strong>un certificat accr\u00e9dit\u00e9 par le CFC sera d\u00e9livr\u00e9 aux participants ayant suivi la formation.<\/strong><\/p>\n<p><span>Vous pouvez <strong><a href=\"#registro\">consulter les modalit\u00e9s ici<\/a><\/strong><\/span><\/p>\n<p>[\/et_pb_accordion_item][\/et_pb_accordion][\/et_pb_column][et_pb_column type=\u00bb1_2&#8243; _builder_version=\u00bb4.21.0&#8243; _module_preset=\u00bbdefault\u00bb global_colors_info=\u00bb{}\u00bb][\/et_pb_column][\/et_pb_row][\/et_pb_section][et_pb_section fb_built=\u00bb1&#8243; disabled_on=\u00bboff|off|off\u00bb admin_label=\u00bbSection\u00bb _builder_version=\u00bb4.25.1&#8243; _module_preset=\u00bbdefault\u00bb da_disable_devices=\u00bboff|off|off\u00bb global_colors_info=\u00bb{}\u00bb da_is_popup=\u00bboff\u00bb da_exit_intent=\u00bboff\u00bb da_has_close=\u00bbon\u00bb da_alt_close=\u00bboff\u00bb da_dark_close=\u00bboff\u00bb da_not_modal=\u00bbon\u00bb da_is_singular=\u00bboff\u00bb da_with_loader=\u00bboff\u00bb da_has_shadow=\u00bbon\u00bb][et_pb_row _builder_version=\u00bb4.25.1&#8243; _module_preset=\u00bbdefault\u00bb global_colors_info=\u00bb{}\u00bb][et_pb_column type=\u00bb4_4&#8243; _builder_version=\u00bb4.25.1&#8243; _module_preset=\u00bbdefault\u00bb global_colors_info=\u00bb{}\u00bb][et_pb_icon icon_color=\u00bb#FFFFFF\u00bb icon_width=\u00bb38px\u00bb url=\u00bb#inicio\u00bb align=\u00bbright\u00bb icon_width_tablet=\u00bb25px\u00bb icon_width_phone=\u00bb21px\u00bb icon_width_last_edited=\u00bbon|phone\u00bb disabled_on=\u00bboff|off|off\u00bb _builder_version=\u00bb4.25.1&#8243; _module_preset=\u00bbdefault\u00bb background_color=\u00bbgcid-88ba9f53-0f06-4146-8d8e-e0c83af655fc\u00bb transform_scale=\u00bb90%|90%\u00bb positioning=\u00bbfixed\u00bb position_origin_f=\u00bbbottom_right\u00bb vertical_offset=\u00bb65px\u00bb horizontal_offset=\u00bb65px\u00bb vertical_offset_tablet=\u00bb120px\u00bb vertical_offset_phone=\u00bb13px\u00bb vertical_offset_last_edited=\u00bbon|phone\u00bb horizontal_offset_tablet=\u00bb65px\u00bb horizontal_offset_phone=\u00bb65px\u00bb horizontal_offset_last_edited=\u00bbon|tablet\u00bb position_origin_a_tablet=\u00bb\u00bb position_origin_a_phone=\u00bb\u00bb position_origin_a_last_edited=\u00bbon|phone\u00bb position_origin_f_tablet=\u00bbbottom_right\u00bb position_origin_f_phone=\u00bbbottom_right\u00bb position_origin_f_last_edited=\u00bbon|phone\u00bb position_origin_r_tablet=\u00bb\u00bb position_origin_r_phone=\u00bb\u00bb position_origin_r_last_edited=\u00bbon|phone\u00bb custom_padding=\u00bb10px|10px|10px|10px|true|true\u00bb custom_padding_tablet=\u00bb10px|10px|10px|10px|true|true\u00bb custom_padding_phone=\u00bb10px|10px|10px|10px|true|true\u00bb custom_padding_last_edited=\u00bbon|tablet\u00bb scroll_fade_enable=\u00bbon\u00bb scroll_fade=\u00bb0|50|50|100|0%|4%|100&#8243; motion_trigger_start=\u00bbbottom\u00bb positioning_tablet=\u00bbfixed\u00bb positioning_phone=\u00bbfixed\u00bb positioning_last_edited=\u00bbon|phone\u00bb border_radii=\u00bbon|2516px|2516px|2516px|2516px\u00bb border_color_all=\u00bb#FFFFFF\u00bb border_radii_tablet=\u00bbon|504206px|504206px|504206px|504206px\u00bb border_radii_phone=\u00bbon|50000px|50000px|50000px|50000px\u00bb border_radii_last_edited=\u00bbon|phone\u00bb global_colors_info=\u00bb{%22gcid-88ba9f53-0f06-4146-8d8e-e0c83af655fc%22:%91%22background_color%22%93}\u00bb][\/et_pb_icon][\/et_pb_column][\/et_pb_row][\/et_pb_section]<\/p>\n","protected":false},"excerpt":{"rendered":"<p>VYHEMDAYS25 &nbsp;vygon hemodynamic days 2025Conf\u00e9rence internationale sur le monitorage h\u00e9modynamiqueVygon Hemodynamic Days 2025 Excellence dans la gestion h\u00e9modynamiqueLa conf\u00e9rence #VYHEMDAYS25 a pour objectif de r\u00e9pondre aux besoins de formation des professionnels de la prise en charge h\u00e9modynamique. Un \u00e9v\u00e9nement unique o\u00f9 des professionnels internationaux de premier plan pr\u00e9sentent des sujets cruciaux dans la gestion h\u00e9modynamique. &nbsp; \u00c0 qui s&#8217;adresse cet \u00e9v\u00e9nement ? Cette conf\u00e9rence se caract\u00e9rise par sa nature int\u00e9grative et la prise en charge globale de l&#8217;h\u00e9modynamique des patients, qu&#8217;ils soient \u00e0 la recherche d&#8217;un premier contact ou qu&#8217;ils souhaitent mettre \u00e0 jour leurs connaissances et se tenir au courant des derniers d\u00e9veloppements. Cela est possible gr\u00e2ce aux pilules de connaissances disponibles lors des pr\u00e9-journ\u00e9es, qui permettent de cr\u00e9er une base pour l&#8217;utilisateur, et gr\u00e2ce \u00e0 la qualit\u00e9 des pr\u00e9sentations et des experts pr\u00e9sents \u00e0 la conf\u00e9rence. &nbsp;&nbsp; L&#8217;objectif principal de VYHEMDAYS est de fournir une vision holistique de la prise en charge h\u00e9modynamique, en se concentrant sur les aspects du monitorage h\u00e9modynamique, et de former les professionnels aux principes du monitorage h\u00e9modynamique afin de r\u00e9pondre \u00e0 tous les d\u00e9fis pos\u00e9s par le contexte actuel. Une opportunit\u00e9 unique pour tous ceux qui veulent faire un pas en avant dans [&hellip;]<\/p>\n","protected":false},"author":4,"featured_media":0,"parent":0,"menu_order":0,"comment_status":"closed","ping_status":"closed","template":"","meta":{"_et_pb_use_builder":"on","_et_pb_old_content":"","_et_gb_content_width":"","footnotes":""},"class_list":["post-698","page","type-page","status-publish","hentry"],"_links":{"self":[{"href":"https:\/\/campusvygon.com\/vyhemdays\/wp-json\/wp\/v2\/pages\/698","targetHints":{"allow":["GET"]}}],"collection":[{"href":"https:\/\/campusvygon.com\/vyhemdays\/wp-json\/wp\/v2\/pages"}],"about":[{"href":"https:\/\/campusvygon.com\/vyhemdays\/wp-json\/wp\/v2\/types\/page"}],"author":[{"embeddable":true,"href":"https:\/\/campusvygon.com\/vyhemdays\/wp-json\/wp\/v2\/users\/4"}],"replies":[{"embeddable":true,"href":"https:\/\/campusvygon.com\/vyhemdays\/wp-json\/wp\/v2\/comments?post=698"}],"version-history":[{"count":19,"href":"https:\/\/campusvygon.com\/vyhemdays\/wp-json\/wp\/v2\/pages\/698\/revisions"}],"predecessor-version":[{"id":1002,"href":"https:\/\/campusvygon.com\/vyhemdays\/wp-json\/wp\/v2\/pages\/698\/revisions\/1002"}],"wp:attachment":[{"href":"https:\/\/campusvygon.com\/vyhemdays\/wp-json\/wp\/v2\/media?parent=698"}],"curies":[{"name":"wp","href":"https:\/\/api.w.org\/{rel}","templated":true}]}}